{"id":240,"date":"2019-06-01T10:00:22","date_gmt":"2019-06-01T08:00:22","guid":{"rendered":"http:\/\/grupored.inteligencia-web.com\/?page_id=240"},"modified":"2023-04-03T14:32:10","modified_gmt":"2023-04-03T12:32:10","slug":"rent-a-car-malaga-2-2","status":"publish","type":"page","link":"https:\/\/marbellarentacar.com\/fr\/","title":{"rendered":"Location de voiture Marbella"},"content":{"rendered":"<div class=\"wpb-content-wrapper\"><div class=\"vc_row wpb_row vc_row-fluid vc_custom_1680432283535 vc_row-has-fill\"><div class=\"wpb_column vc_column_container vc_col-sm-12\"><div class=\"vc_column-inner\"><div class=\"wpb_wrapper\"><div class=\"vc_row wpb_row vc_inner vc_row-fluid vc_custom_1679937160365\"><div class=\"wpb_column vc_column_container vc_col-sm-12 vc_col-lg-offset-2 vc_col-lg-8 vc_col-md-offset-2 vc_col-md-8\"><div class=\"vc_column-inner vc_custom_1679937168084\"><div class=\"wpb_wrapper\"><div class=\"vc_icon_element vc_icon_element-outer vc_do_icon wpb_animate_when_almost_visible wpb_fadeInDown fadeInDown vc_icon_element-align-center\"><div class=\"vc_icon_element-inner vc_icon_element-color-white vc_icon_element-size-xl vc_icon_element-style- vc_icon_element-background-color-grey\" ><span class=\"vc_icon_element-icon fas fa-angle-down\" ><\/span><\/div><\/div><div id=\"ultimate-heading-517969f1f006b7e80\" class=\"uvc-heading ult-adjust-bottom-margin ultimate-heading-517969f1f006b7e80 uvc-8193\" data-hspacer=\"line_only\"  data-halign=\"center\" style=\"text-align:center\"><div class=\"uvc-main-heading ult-responsive\"  data-ultimate-target='.uvc-heading.ultimate-heading-517969f1f006b7e80 h1'  data-responsive-json-new='{\"font-size\":\"desktop:65px;\",\"line-height\":\"desktop:70px;\"}' ><h1 style=\"font-weight:bold;color:#ffffff;margin-top:22px;margin-bottom:22px;\">Location de voiture Marbella<\/h1><\/div><div class=\"uvc-heading-spacer line_only\" style=\"margin-bottom:22px;height:3px;\"><span class=\"uvc-headings-line\" style=\"border-style:solid;border-bottom-width:3px;border-color:#ffffff;width:80px;\"><\/span><\/div><div class=\"uvc-sub-heading ult-responsive\"  data-ultimate-target='.uvc-heading.ultimate-heading-517969f1f006b7e80 .uvc-sub-heading '  data-responsive-json-new='{\"font-size\":\"desktop:22px;\",\"line-height\":\"desktop:25px;\"}'  style=\"font-weight:bold;color:#ffffff;margin-bottom:22px;\">MarbellaRentaCar est une soci\u00e9t\u00e9 de location de voitures situ\u00e9e \u00e0 l&#039;a\u00e9roport de Malaga et \u00e0 Car Hire Marbella, offrant des r\u00e9servations de v\u00e9hicules faciles \u00e0 tout point de la Costa del Sol, s&#039;adressant aux visiteurs en vacances ainsi qu&#039;aux r\u00e9sidents de la province de Malaga et de ses environs.<\/p>\n<p>MarbellaRentaCar offre les meilleurs prix pour louer une voiture \u00e0 Malaga et permet une conduite pratique et confortable sur son r\u00e9seau de routes.<\/div><\/div>\n\t<div class=\"wpb_text_column wpb_content_element center centarlang\" >\n\t\t<div class=\"wpb_wrapper\">\n\t\t\t<ul data-no-translation class='switcher'><li class='no-activado'><a href='https:\/\/marbellarentacar.com\/fr\/wp-json\/wp\/v2\/pages\/240'><img align='center' src='https:\/\/marbellarentacar.com\/wp-content\/plugins\/translatepress-multilingual\/assets\/images\/flags\/en_GB.png' alt='English (UK)'><\/a><\/li><li class='no-activado'><a href='https:\/\/marbellarentacar.com\/fr\/wp-json\/wp\/v2\/pages\/240'><img align='center' src='https:\/\/marbellarentacar.com\/wp-content\/plugins\/translatepress-multilingual\/assets\/images\/flags\/es_ES.png' alt='Espa\u00f1ol'><\/a><\/li><li class='no-activado'><a href='https:\/\/marbellarentacar.com\/fr\/wp-json\/wp\/v2\/pages\/240'><img align='center' src='https:\/\/marbellarentacar.com\/wp-content\/plugins\/translatepress-multilingual\/assets\/images\/flags\/ru_RU.png' alt='\u0420\u0443\u0441\u0441\u043a\u0438\u0439'><\/a><\/li><li class='activado'><a href='https:\/\/marbellarentacar.com\/fr\/wp-json\/wp\/v2\/pages\/240'><img align='center' src='https:\/\/marbellarentacar.com\/wp-content\/plugins\/translatepress-multilingual\/assets\/images\/flags\/fr_FR.png' alt='Fran\u00e7ais'><\/a><\/li><li class='no-activado'><a href='https:\/\/marbellarentacar.com\/fr\/wp-json\/wp\/v2\/pages\/240'><img align='center' src='https:\/\/marbellarentacar.com\/wp-content\/plugins\/translatepress-multilingual\/assets\/images\/flags\/de_DE.png' alt='Deutsch'><\/a><\/li><\/ul>\n\n\t\t<\/div>\n\t<\/div>\n<\/div><\/div><\/div><div class=\"wpb_column vc_column_container vc_col-sm-12\"><div class=\"vc_column-inner\"><div class=\"wpb_wrapper\">\n\t<div class=\"wpb_text_column wpb_content_element\" >\n\t\t<div class=\"wpb_wrapper\">\n\t\t\t<div>    <script type=\"text\/javascript\">\n        jQuery(document).ready(function () {\n            var unavailableDates = [];\n            var autofocus = 1;\n            var select2 = 1;\n\n            function unavailable(date) {\n                var ymd = date.getFullYear() + \"-\" + (\"0\" + (date.getMonth() + 1)).slice(-2) + \"-\" + (\"0\" + date.getDate()).slice(-2);\n                var day = new Date(ymd).getDay();\n                if (jQuery.inArray(ymd, unavailableDates) < 0) {\n                    return [true, \"enabled\", \"\"];\n                } else {\n                    return [false, \"disabled\", \"Ferm\u00e9\"];\n                }\n            }\n\n            var monthsToShow = 1;\n            var windowWidth = jQuery(window).width();\n            if (windowWidth > 767) {\n                monthsToShow = 2;\n            }\n            var pickUpDateField = jQuery('.pickup-date');\n\n            pickUpDateField.datepicker({\n                minDate: \"+0D\",\n                maxDate: \"+730D\",\n                dateFormat: 'dd\/mm\/yy',\n                firstDay: 1,\n                beforeShowDay: unavailable,\n                numberOfMonths: monthsToShow,\n                onSelect: function (selected) {\n                    var date = jQuery(this).datepicker('getDate');\n                    if (date) {\n                        date.setDate(date.getDate());\n                    }\n                    jQuery('.return-date').datepicker(\"option\", \"minDate\", date);\n                    if (autofocus == 1 && select2 == 1) {\n                        jQuery('select.pickup-time').select2('open');\n                    }\n                },\n                beforeShow: function (input, inst) {\n                    if (autofocus == 1) {\n                        setTimeout(function () {\n                            inst.dpDiv.css({\n                                top: pickUpDateField.offset().top + 35,\n                                left: pickUpDateField.offset().left\n                            });\n                        }, 0);\n                    }\n                }\n            });\n            var returnDateField = jQuery('.return-date');\n            returnDateField.datepicker({\n                minDate: 0,\n                beforeShowDay: unavailable,\n                maxDate: \"+730D\",\n                numberOfMonths: monthsToShow,\n                dateFormat: 'dd\/mm\/yy',\n                firstDay: 1,\n                onSelect: function (selected) {\n                    jQuery('.pickup-date').datepicker(\"option\", \"maxDate\", selected);\n                    if (autofocus == 1 && select2 == 1) {\n                        jQuery('.return-time').select2('open');\n                    }\n                },\n                beforeShow: function (input, inst) {\n                    if (autofocus == 1) {\n                        setTimeout(function () {\n                            inst.dpDiv.css({\n                                top: returnDateField.offset().top + 35,\n                                left: returnDateField.offset().left\n                            });\n                        }, 0);\n                    }\n                }\n            });\n            jQuery('.pickup-date-datepicker').click(function () {\n                jQuery('.pickup-date').datepicker('show');\n            });\n            jQuery('.return-date-datepicker').click(function () {\n                jQuery('.return-date').datepicker('show');\n            });\n\n            jQuery('.car-rental-do-search').click(function () {\n                var objBookingCode = jQuery('.booking-code');\n                var objCouponCode = jQuery('.coupon-code');\n                var objPickupLocation = jQuery('.pickup-location');\n                var objReturnLocation = jQuery('.return-location');\n                var objPickupDate = jQuery('.pickup-date');\n                var objReturnDate = jQuery('.return-date');\n                var objBookingPeriod = jQuery('.booking-period');\n\n                var bookingCode = \"\";\n                var couponCode = \"SKIP\";\n                var pickupLocationId = \"SKIP\";\n                var returnLocationId = \"SKIP\";\n                var pickupDate = \"SKIP\";\n                var returnDate = \"SKIP\";\n                var bookingPeriod = \"SKIP\";\n\n\t\t\t\t\n\t\t\t\t\n\t\t\t\t                if (objPickupLocation.length) {\n                    pickupLocationId = objPickupLocation.val();\n                }\n\t\t\t\t\n\t\t\t\t                if (objReturnLocation.length) {\n                    returnLocationId = objReturnLocation.val();\n                }\n\t\t\t\t\n\t\t\t\t                if (objPickupDate.length) {\n                    pickupDate = objPickupDate.val();\n                }\n\t\t\t\t\n\t\t\t\t                if (objReturnDate.length) {\n                    returnDate = objReturnDate.val();\n                }\n\t\t\t\t\n\t\t\t\t                if (objBookingPeriod.length) {\n                    bookingPeriod = objBookingPeriod.val();\n                }\n\t\t\t\t                \/\/alert('bookingCode[len]:' + objBookingCode.length + ', bookingCode[val]:' + bookingCode);\n\n                if (bookingCode != \"\" && bookingCode != \"J&#039;ai un code de r\u00e9servation:\") {\n                    return true;\n                } else if (couponCode == \"\" || couponCode == \"J&#039;ai un code de coupon:\") {\n                    alert('Veuillez entrer le code de coupon!');\n                    return false;\n                } else if (pickupLocationId == 0) {\n                    alert('Veuillez s\u00e9lectionner la localisation de d\u00e9part!');\n                    return false;\n                } else if (returnLocationId == 0) {\n                    alert('Veuillez s\u00e9lectionner la localisation de retour!');\n                    return false;\n                } else if (pickupDate == \"\" || pickupDate == \"Date:\") {\n                    alert('Veuillez s\u00e9lectionner la date de d\u00e9part!');\n                    return false;\n                } else if (returnDate == \"\" || returnDate == \"Date:\") {\n                    alert('Veuillez s\u00e9lectionner la date de retour!');\n                    return false;\n                } else if (bookingPeriod == \"\") {\n                    alert('Veuillez choisir la p\u00e9riode de r\u00e9servation!');\n                    return false;\n                } else {\n                    return true;\n                }\n            });\n        });\n    <\/script><!--CAMBIO 365-->\n    <div class=\"row search_form_row step1\" id=\"search_form\">\n<!--  \/wp-content\/themes\/wp-car-rental\/Extensions\/CarRental\/Templates\/Front\/Booking\/template.Step1ItemsSearchForm.php -->\n<!-- formElem 105 https:\/\/marbellarentacar.com\/fr\/processus-de-reservation\/ -->\n<!-- <form id=\"formElem\" name=\"formElem\" action=\"\/proceso-de-reserva\/\" method=\"post\"> --> \n<!-- https:\/\/marbellarentacar.com\/fr\/processus-de-reservation\/La cadena 'app' no fue encontrada en la cadena 'https:\/\/marbellarentacar.com\/fr\/processus-de-reservation\/' -->                \n<form id=\"formElem\" name=\"formElem\" action=\"https:\/\/marbellarentacar.com\/fr\/processus-de-reservation\/\" method=\"post\" class=\"no_translate\" data-trp-original-action=\"\/booking-process\/\"><!-- CREADO DESDE: code-sourcecode-carhireindex.php - linea 167 form_lang -->            <div class=\"col-sm-12 col-md-10\">\n                <div class=\"row\">\n                    <div class=\"col-sm-6\">\n\t\t\t\t\t\t                            <span class=\"form_title\">Informations sur le d\u00e9part<\/span>\n\t\t\t\t\t\t\t                                <select name=\"pickup_location_id\" class=\"form-control pickup-location home-select\">\n                                    <option value=\"0\" selected=\"selected\">Ville de D\u00e9part et Localisation\u00a0:<\/option><option value=\"1\">1. A\u00e9roport de Malaga<\/option><option value=\"2\">2. Marbella<\/option><option value=\"3\">3. Gibraltar, La L\u00ednea de la Concepci\u00f3n<\/option><option value=\"4\">4. Gare de Malaga<\/option><option value=\"5\">5. Torremolinos<\/option><option value=\"6\">6. Benalmadena<\/option><option value=\"7\">7. Fuengirola<\/option><option value=\"8\">8. Mijas<\/option><option value=\"11\">9. Torre del Mar<\/option><option value=\"12\">10. Torrox-Costa<\/option><option value=\"13\">11.Nerja<\/option><option value=\"14\">12. Estepona<\/option><option value=\"15\">13. Benahav\u00eds<\/option><option value=\"16\">14. Alg\u00e9siras<\/option><option value=\"28\">15. Sotogrande<\/option><option value=\"29\">16. Tarifa<\/option><option value=\"9\">17. Centre-ville de Malaga<\/option>                                <\/select>\n\t\t\t\t\t\t\t\t\t\t\t\t\t\t\t\t\t\t\t                            <div class=\"row\">\n                                <div class=\"col-xs-7 col-sm-8 date\">\n                                    <input type=\"text\" name=\"pickup_date\" value=\"Date:\"\n                                           class=\"pickup-date\"\n                                           readonly=\"readonly\" autocomplete=\"off\"\/>\n                                <\/div>\n                                <div class=\"col-xs-5 col-sm-4 time\">\n                                    <select name=\"pickup_time\" class=\"pickup-time\">\n\t\t\t\t\t\t\t\t\t\t<option value=\"00:00:00\">Minuit<\/option><option value=\"00:30:00\">00:30<\/option><option value=\"01:00:00\">01:00<\/option><option value=\"01:30:00\">01:30<\/option><option value=\"02:00:00\">02:00<\/option><option value=\"02:30:00\">02:30<\/option><option value=\"03:00:00\">03:00<\/option><option value=\"03:30:00\">03:30<\/option><option value=\"04:00:00\">04:00<\/option><option value=\"04:30:00\">04:30<\/option><option value=\"05:00:00\">05:00<\/option><option value=\"05:30:00\">05:30<\/option><option value=\"06:00:00\">06:00<\/option><option value=\"06:30:00\">06:30<\/option><option value=\"07:00:00\">07:00<\/option><option value=\"07:30:00\">07:30<\/option><option value=\"08:00:00\">08:00<\/option><option value=\"08:30:00\">08:30<\/option><option value=\"09:00:00\">09:00<\/option><option value=\"09:30:00\">09:30<\/option><option value=\"10:00:00\">10:00<\/option><option value=\"10:30:00\">10:30<\/option><option value=\"11:00:00\">11:00<\/option><option value=\"11:30:00\">11:30<\/option><option value=\"12:00:00\" selected=\"selected\">Midi<\/option><option value=\"12:30:00\">12:30<\/option><option value=\"13:00:00\">13:00<\/option><option value=\"13:30:00\">13:30<\/option><option value=\"14:00:00\">14:00<\/option><option value=\"14:30:00\">14:30<\/option><option value=\"15:00:00\">15:00<\/option><option value=\"15:30:00\">15:30<\/option><option value=\"16:00:00\">16:00<\/option><option value=\"16:30:00\">16:30<\/option><option value=\"17:00:00\">17:00<\/option><option value=\"17:30:00\">17:30<\/option><option value=\"18:00:00\">18:00<\/option><option value=\"18:30:00\">18:30<\/option><option value=\"19:00:00\">19:00<\/option><option value=\"19:30:00\">19:30<\/option><option value=\"20:00:00\">20:00<\/option><option value=\"20:30:00\">20:30<\/option><option value=\"21:00:00\">21:00<\/option><option value=\"21:30:00\">21:30<\/option><option value=\"22:00:00\">22:00<\/option><option value=\"22:30:00\">22:30<\/option><option value=\"23:00:00\">23:00<\/option><option value=\"23:30:00\">23:30<\/option>                                    <\/select>\n                                <\/div>\n                            <\/div>\n\t\t\t\t\t\t                    <\/div>\n\t\t\t\t\t                        <div class=\"col-sm-6\">\n                            <span class=\"form_title fix_margin\">Retour Informations<\/span>\n\t\t\t\t\t\t\t                                <select name=\"return_location_id\" class=\"form-control return-location home-select\">\n\t\t\t\t\t\t\t\t\t<option value=\"0\" selected=\"selected\">Ville de Retour et Localisation\u00a0:<\/option><option value=\"1\">1. A\u00e9roport de Malaga<\/option><option value=\"2\">2. Marbella<\/option><option value=\"3\">3. Gibraltar, La L\u00ednea de la Concepci\u00f3n<\/option><option value=\"4\">4. Gare de Malaga<\/option><option value=\"5\">5. Torremolinos<\/option><option value=\"6\">6. Benalmadena<\/option><option value=\"7\">7. Fuengirola<\/option><option value=\"8\">8. Mijas<\/option><option value=\"11\">9. Torre del Mar<\/option><option value=\"12\">10. Torrox-Costa<\/option><option value=\"13\">11.Nerja<\/option><option value=\"14\">12. Estepona<\/option><option value=\"15\">13. Benahav\u00eds<\/option><option value=\"16\">14. Alg\u00e9siras<\/option><option value=\"28\">15. Sotogrande<\/option><option value=\"29\">16. Tarifa<\/option><option value=\"9\">17. Centre-ville de Malaga<\/option>                                <\/select>\n\t\t\t\t\t\t\t                        <\/div>\n\t\t\t\t\t\t\t\t\t\t                        <div class=\"col-sm-6\">\n                            <div class=\"row\">\n\t\t\t\t\t\t\t\t                                    <div class=\"col-xs-7 col-sm-8 date\">\n                                        <input type=\"text\" name=\"return_date\" class=\"return-date\"\n                                               value=\"Date:\"\n                                               readonly=\"readonly\" autocomplete=\"off\"\/>\n                                    <\/div>\n                                    <div class=\"col-xs-5 col-sm-4 time\">\n                                        <select name=\"return_time\" class=\"return-time\">\n\t\t\t\t\t\t\t\t\t\t\t<option value=\"00:00:00\">Minuit<\/option><option value=\"00:30:00\">00:30<\/option><option value=\"01:00:00\">01:00<\/option><option value=\"01:30:00\">01:30<\/option><option value=\"02:00:00\">02:00<\/option><option value=\"02:30:00\">02:30<\/option><option value=\"03:00:00\">03:00<\/option><option value=\"03:30:00\">03:30<\/option><option value=\"04:00:00\">04:00<\/option><option value=\"04:30:00\">04:30<\/option><option value=\"05:00:00\">05:00<\/option><option value=\"05:30:00\">05:30<\/option><option value=\"06:00:00\">06:00<\/option><option value=\"06:30:00\">06:30<\/option><option value=\"07:00:00\">07:00<\/option><option value=\"07:30:00\">07:30<\/option><option value=\"08:00:00\">08:00<\/option><option value=\"08:30:00\">08:30<\/option><option value=\"09:00:00\">09:00<\/option><option value=\"09:30:00\">09:30<\/option><option value=\"10:00:00\">10:00<\/option><option value=\"10:30:00\">10:30<\/option><option value=\"11:00:00\">11:00<\/option><option value=\"11:30:00\">11:30<\/option><option value=\"12:00:00\" selected=\"selected\">Midi<\/option><option value=\"12:30:00\">12:30<\/option><option value=\"13:00:00\">13:00<\/option><option value=\"13:30:00\">13:30<\/option><option value=\"14:00:00\">14:00<\/option><option value=\"14:30:00\">14:30<\/option><option value=\"15:00:00\">15:00<\/option><option value=\"15:30:00\">15:30<\/option><option value=\"16:00:00\">16:00<\/option><option value=\"16:30:00\">16:30<\/option><option value=\"17:00:00\">17:00<\/option><option value=\"17:30:00\">17:30<\/option><option value=\"18:00:00\">18:00<\/option><option value=\"18:30:00\">18:30<\/option><option value=\"19:00:00\">19:00<\/option><option value=\"19:30:00\">19:30<\/option><option value=\"20:00:00\">20:00<\/option><option value=\"20:30:00\">20:30<\/option><option value=\"21:00:00\">21:00<\/option><option value=\"21:30:00\">21:30<\/option><option value=\"22:00:00\">22:00<\/option><option value=\"22:30:00\">22:30<\/option><option value=\"23:00:00\">23:00<\/option><option value=\"23:30:00\">23:30<\/option>                                        <\/select>\n                                    <\/div>\n\t\t\t\t\t\t\t\t                            <\/div>\n                        <\/div>\n\t\t\t\t\t\t                \t\t\t\t\t                <\/div>\n            <\/div>\n            <div class=\"col-xs-12 col-md-2\">\n                <input type=\"hidden\" name=\"car_rental_came_from_step1\" value=\"yes\"\/>\n\t\t\t\t\t\t\t\t\t<input type=\"submit\" name=\"car_rental_do_search\" value=\"Chercher\" class=\"car-rental-do-search\" \/>\t\t\t\t            <\/div>\n        <input type=\"hidden\" name=\"trp-form-language\" value=\"fr\"\/><\/form>\n\n\n    <\/div>\n<!--  CANCEL_BOOKING 1 -->\n<!--  \/CANCEL_BOOKING 1 -->\n    <script type=\"text\/javascript\">\n        jQuery(document).ready(function () {\n            var locationsSelect2 = '1';\n            var filtersSelect2 = '1';\n            var timeSelect2 = '1';\n            var durationSelect2 = '1';\n            var priceCalculationType = '1';\n            var nrsAutoFocus = '1';\n            var returnLocation = '1';\n            var returnDate = '1';\n            initilizeSelect2(locationsSelect2, filtersSelect2, timeSelect2, durationSelect2, priceCalculationType, nrsAutoFocus, returnLocation, returnDate);\n            SetSubmitButtonHeight();\n        });\n        jQuery(window).resize(function () {\n            SetSubmitButtonHeight();\n        });\n        function initilizeSelect2(locationsS2, filtersS2, timeS2, durationS2, priceType, autoFocus, returnLocation, returnDate) {\n            if (locationsS2 == 1) {\n                jQuery(\"select[name='pickup_location_id']\").select2(\n                    {\n                        language: {\n                            \"noResults\": function () {\n                                return \"No location was not found, please can contact us to request custom pricing.\";\n                            }\n                        }\n                    }\n                ).on('select2:select', function () {\n                    autoFocus == 1 ? jQuery('.pickup-date').focus() : '';\n                });\n                jQuery(\"select[name='return_location_id']\").select2(\n                    {\n                        language: {\n                            \"noResults\": function () {\n                                return \"No location was not found, please can contact us to request custom pricing.\";\n                            }\n                        }\n                    }\n                ).on('select2:select', function () {\n                    if (autoFocus == 1 && returnDate == 1) {\n                        if (priceType == 2 && durationS2) {\n                            jQuery('.booking-period').select2('open');\n                        } else {\n                            jQuery('.return-date').focus();\n                        }\n                    }\n                });\n            }\n            if (filtersS2 == 1) {\n                jQuery(\"select[name='partner_id']\").select2();\n                jQuery(\"select[name='manufacturer_id']\").select2();\n                jQuery(\"select[name='body_type_id']\").select2();\n                jQuery(\"select[name='transmission_type_id']\").select2();\n                jQuery(\"select[name='fuel_type_id']\").select2();\n            }\n            if (timeS2 == 1) {\n                jQuery(\"select[name='pickup_time']\").select2(\n                    {\n                        language: {\n                            \"noResults\": function () {\n                                return \"Invalid time format, or not available.\";\n                            }\n                        }\n                    }\n                ).on('select2:select', function () {\n                    if (autoFocus == 1) {\n                        if (returnLocation && locationsS2 == 1) {\n                            jQuery('.return-location').select2('open');\n                        } else if (returnDate == 1) {\n                            if (priceType == 2 && durationS2 == 1) {\n                                jQuery('.booking-period').select2('open');\n                            } else {\n                                jQuery('.return-date').focus();\n                            }\n                        }\n                    }\n                });\n                jQuery(\"select[name='return_time']\").select2(\n                    {\n                        language: {\n                            \"noResults\": function () {\n                                return \"Invalid time format, or not available.\";\n                            }\n                        }\n                    }\n                );\n            }\n            if (durationS2 == 1) {\n                jQuery(\"select[name='booking_period']\").select2();\n            }\n        }\n        function SetSubmitButtonHeight() {\n            jQuery('.car-rental-do-search').css('height', '0').css('height', (jQuery('.search_form_row').height() - 35) + 'px');\n        }\n    <\/script>\n<\/div>\n\n\t\t<\/div>\n\t<\/div>\n<\/div><\/div><\/div><\/div><\/div><\/div><\/div><\/div><!-- Row Backgrounds --><div class=\"upb_bg_img\" data-ultimate-bg=\"url(https:\/\/marbellarentacar.com\/wp-content\/uploads\/2023\/04\/marbella-rent-a-car-com-scaled.jpg)\" data-image-id=\"10773\" data-ultimate-bg-style=\"vcpb-default\" data-bg-img-repeat=\"repeat\" data-bg-img-size=\"cover\" data-bg-img-position=\"\" data-parallx_sense=\"30\" data-bg-override=\"full\" data-bg_img_attach=\"scroll\" data-upb-overlay-color=\"rgba(0,0,0,0.2)\" data-upb-bg-animation=\"\" data-fadeout=\"\" data-bg-animation=\"left-animation\" data-bg-animation-type=\"h\" data-animation-repeat=\"repeat\" data-fadeout-percentage=\"30\" data-parallax-content=\"\" data-parallax-content-sense=\"30\" data-row-effect-mobile-disable=\"true\" data-img-parallax-mobile-disable=\"true\" data-rtl=\"false\"  data-custom-vc-row=\"\"  data-vc=\"8.5\"  data-is_old_vc=\"\"  data-theme-support=\"\"   data-overlay=\"true\" data-overlay-color=\"rgba(0,0,0,0.2)\" data-overlay-pattern=\"https:\/\/marbellarentacar.com\/wp-content\/plugins\/Ultimate_VC_Addons\/assets\/images\/patterns\/01.png\" data-overlay-pattern-opacity=\"0.8\" data-overlay-pattern-size=\"\" data-overlay-pattern-attachment=\"scroll\"    data-seperator=\"true\"  data-seperator-type=\"tilt_left_seperator\"  data-seperator-shape-size=\"40\"  data-seperator-svg-height=\"34\"  data-seperator-full-width=\"true\" data-seperator-position=\"bottom_seperator\"  data-seperator-background-color=\"#fff\"  data-icon=\"\"  ><\/div><div class=\"vc_row wpb_row vc_row-fluid\"><div class=\"wpb_column vc_column_container vc_col-sm-12 vc_col-lg-offset-2 vc_col-lg-8 vc_col-md-offset-2 vc_col-md-8\"><div class=\"vc_column-inner\"><div class=\"wpb_wrapper\"><div id=\"ultimate-heading-934869f1f006cee37\" class=\"uvc-heading ult-adjust-bottom-margin ultimate-heading-934869f1f006cee37 uvc-2157\" data-hspacer=\"line_only\"  data-halign=\"center\" style=\"text-align:center\"><div class=\"uvc-main-heading ult-responsive\"  data-ultimate-target='.uvc-heading.ultimate-heading-934869f1f006cee37 h2'  data-responsive-json-new='{\"font-size\":\"desktop:50px;\",\"line-height\":\"desktop:55px;\"}' ><h2 style=\"font-weight:normal;margin-top:15px;margin-bottom:15px;\">Location de voiture \u00e0 l&#039;a\u00e9roport de Malaga et \u00e0 Marbella<\/h2><\/div><div class=\"uvc-heading-spacer line_only\" style=\"margin-bottom:15px;height:3px;\"><span class=\"uvc-headings-line\" style=\"border-style:solid;border-bottom-width:3px;border-color:#0085e9;width:80px;\"><\/span><\/div><div class=\"uvc-sub-heading ult-responsive\"  data-ultimate-target='.uvc-heading.ultimate-heading-934869f1f006cee37 .uvc-sub-heading '  data-responsive-json-new='{\"font-size\":\"\",\"line-height\":\"\"}'  style=\"font-weight:normal;margin-bottom:15px;\">La location de voitures \u00e0 l&#039;a\u00e9roport de Malaga et \u00e0 Marbella offre la commodit\u00e9 d&#039;avoir un v\u00e9hicule personnel pour explorer la magnifique r\u00e9gion de la Costa del Sol. Avec une location de voiture, les visiteurs peuvent facilement se frayer un chemin \u00e0 travers les routes panoramiques et d\u00e9couvrir les joyaux cach\u00e9s de l&#039;Andalousie.<\/p>\n<p>L&#039;a\u00e9roport de Malaga et Marbella sont deux des endroits les plus populaires pour la location de voitures dans la r\u00e9gion, avec une large gamme de v\u00e9hicules disponibles pour tous les budgets ou toutes les pr\u00e9f\u00e9rences.<\/p>\n<p>Que vous voyagiez pour affaires ou pour le plaisir, une voiture de location permet une plus grande flexibilit\u00e9 et ind\u00e9pendance pendant votre voyage, ce qui en fait un excellent choix pour ceux qui cherchent \u00e0 profiter au maximum de leur temps sur la Costa del Sol.<\/div><\/div><div id=\"ultimate-heading-525669f1f006ceec0\" class=\"uvc-heading ult-adjust-bottom-margin ultimate-heading-525669f1f006ceec0 uvc-1748\" data-hspacer=\"line_only\"  data-halign=\"center\" style=\"text-align:center\"><div class=\"uvc-main-heading ult-responsive\"  data-ultimate-target='.uvc-heading.ultimate-heading-525669f1f006ceec0 h2'  data-responsive-json-new='{\"font-size\":\"desktop:35px;\",\"line-height\":\"desktop:40px;\"}' ><h2 style=\"font-weight:normal;margin-top:33px;margin-bottom:15px;\">Un service de location de voitures \u00e0 Malaga avec tous les avantages.<\/h2><\/div><div class=\"uvc-heading-spacer line_only\" style=\"margin-bottom:33px;height:3px;\"><span class=\"uvc-headings-line\" style=\"border-style:solid;border-bottom-width:3px;border-color:#0085e9;width:80px;\"><\/span><\/div><\/div><\/div><\/div><\/div><div class=\"wpb_column vc_column_container vc_col-sm-4\"><div class=\"vc_column-inner\"><div class=\"wpb_wrapper\">\n\t<div  class=\"wpb_single_image wpb_content_element vc_align_center wpb_content_element vc_custom_1680178813208\">\n\t\t\n\t\t<figure class=\"wpb_wrapper vc_figure\">\n\t\t\t<div class=\"vc_single_image-wrapper vc_box_shadow_3d  vc_box_border_grey\"><img decoding=\"async\" width=\"300\" height=\"295\" src=\"https:\/\/marbellarentacar.com\/wp-content\/uploads\/2023\/03\/marbellarentacar-1_resultado-300x295.jpg\" class=\"vc_single_image-img attachment-medium\" alt=\"Location de voiture Marbella\" title=\"Location de voiture Marbella\" srcset=\"https:\/\/marbellarentacar.com\/wp-content\/uploads\/2023\/03\/marbellarentacar-1_resultado-300x295.jpg 300w, https:\/\/marbellarentacar.com\/wp-content\/uploads\/2023\/03\/marbellarentacar-1_resultado-768x755.jpg 768w, https:\/\/marbellarentacar.com\/wp-content\/uploads\/2023\/03\/marbellarentacar-1_resultado-12x12.jpg 12w, https:\/\/marbellarentacar.com\/wp-content\/uploads\/2023\/03\/marbellarentacar-1_resultado.jpg 1024w\" sizes=\"(max-width: 300px) 100vw, 300px\" \/><\/div>\n\t\t<\/figure>\n\t<\/div>\n<div id=\"ultimate-heading-595069f1f006cf6df\" class=\"uvc-heading ult-adjust-bottom-margin ultimate-heading-595069f1f006cf6df uvc-3187\" data-hspacer=\"line_only\"  data-halign=\"center\" style=\"text-align:center\"><div class=\"uvc-main-heading ult-responsive\"  data-ultimate-target='.uvc-heading.ultimate-heading-595069f1f006cf6df h2'  data-responsive-json-new='{\"font-size\":\"desktop:25px;\",\"line-height\":\"desktop:30px;\"}' ><h2 style=\"font-weight:normal;margin-top:15px;margin-bottom:15px;\">Service personnalis\u00e9 et amical<\/h2><\/div><div class=\"uvc-heading-spacer line_only\" style=\"margin-bottom:15px;height:3px;\"><span class=\"uvc-headings-line\" style=\"border-style:solid;border-bottom-width:3px;border-color:#0085e9;width:80px;\"><\/span><\/div><div class=\"uvc-sub-heading ult-responsive\"  data-ultimate-target='.uvc-heading.ultimate-heading-595069f1f006cf6df .uvc-sub-heading '  data-responsive-json-new='{\"font-size\":\"desktop:18px;\",\"line-height\":\"desktop:22px;\"}'  style=\"font-weight:normal;margin-bottom:15px;\">Chez MarbellaRentaCar, nous nous effor\u00e7ons de nous assurer que nos clients sont satisfaits du service de location de voitures que nous proposons.<\/p>\n<p>C&#039;est pourquoi nous faisons un effort suppl\u00e9mentaire pour offrir un service client exceptionnel et une gestion efficace des incidents, garantissant une exp\u00e9rience personnalis\u00e9e et conviviale pour chaque client.<\/div><\/div><\/div><\/div><\/div><div class=\"wpb_column vc_column_container vc_col-sm-4\"><div class=\"vc_column-inner\"><div class=\"wpb_wrapper\">\n\t<div  class=\"wpb_single_image wpb_content_element vc_align_center wpb_content_element vc_custom_1680177330372\">\n\t\t\n\t\t<figure class=\"wpb_wrapper vc_figure\">\n\t\t\t<div class=\"vc_single_image-wrapper vc_box_shadow_3d  vc_box_border_grey\"><img decoding=\"async\" width=\"300\" height=\"295\" src=\"https:\/\/marbellarentacar.com\/wp-content\/uploads\/2023\/03\/marbellarentacar-2_resultado-300x295.jpg\" class=\"vc_single_image-img attachment-medium\" alt=\"Location de voiture Marbella\" title=\"Location de voiture Marbella\" srcset=\"https:\/\/marbellarentacar.com\/wp-content\/uploads\/2023\/03\/marbellarentacar-2_resultado-300x295.jpg 300w, https:\/\/marbellarentacar.com\/wp-content\/uploads\/2023\/03\/marbellarentacar-2_resultado-768x755.jpg 768w, https:\/\/marbellarentacar.com\/wp-content\/uploads\/2023\/03\/marbellarentacar-2_resultado-12x12.jpg 12w, https:\/\/marbellarentacar.com\/wp-content\/uploads\/2023\/03\/marbellarentacar-2_resultado.jpg 1024w\" sizes=\"(max-width: 300px) 100vw, 300px\" \/><\/div>\n\t\t<\/figure>\n\t<\/div>\n<div id=\"ultimate-heading-630469f1f006cfd6d\" class=\"uvc-heading ult-adjust-bottom-margin ultimate-heading-630469f1f006cfd6d uvc-1628\" data-hspacer=\"line_only\"  data-halign=\"center\" style=\"text-align:center\"><div class=\"uvc-main-heading ult-responsive\"  data-ultimate-target='.uvc-heading.ultimate-heading-630469f1f006cfd6d h2'  data-responsive-json-new='{\"font-size\":\"desktop:25px;\",\"line-height\":\"desktop:30px;\"}' ><h2 style=\"font-weight:normal;margin-top:15px;margin-bottom:15px;\">Service de prise en charge et de d\u00e9pose \u00e0 l&#039;a\u00e9roport de Malaga<\/h2><\/div><div class=\"uvc-heading-spacer line_only\" style=\"margin-bottom:15px;height:3px;\"><span class=\"uvc-headings-line\" style=\"border-style:solid;border-bottom-width:3px;border-color:#0085e9;width:80px;\"><\/span><\/div><div class=\"uvc-sub-heading ult-responsive\"  data-ultimate-target='.uvc-heading.ultimate-heading-630469f1f006cfd6d .uvc-sub-heading '  data-responsive-json-new='{\"font-size\":\"desktop:18px;\",\"line-height\":\"desktop:22px;\"}'  style=\"font-weight:normal;margin-bottom:15px;\">MarbellaRentaCar propose un service pratique de prise en charge et de restitution des v\u00e9hicules \u00e0 l&#039;a\u00e9roport de Malaga.<\/p>\n<p>Ce service offre aux clients une plus grande autonomie et la possibilit\u00e9 d&#039;utiliser leur v\u00e9hicule de location d\u00e8s leur arriv\u00e9e sur la Costa del Sol, permettant une transition en douceur vers leur voyage.<\/div><\/div><\/div><\/div><\/div><div class=\"wpb_column vc_column_container vc_col-sm-4\"><div class=\"vc_column-inner\"><div class=\"wpb_wrapper\">\n\t<div  class=\"wpb_single_image wpb_content_element vc_align_center wpb_content_element vc_custom_1680177335887\">\n\t\t\n\t\t<figure class=\"wpb_wrapper vc_figure\">\n\t\t\t<div class=\"vc_single_image-wrapper vc_box_shadow_3d  vc_box_border_grey\"><img decoding=\"async\" width=\"300\" height=\"295\" src=\"https:\/\/marbellarentacar.com\/wp-content\/uploads\/2023\/03\/marbellarentacar-3_resultado-300x295.jpg\" class=\"vc_single_image-img attachment-medium\" alt=\"Location de voiture Marbella\" title=\"Location de voiture Marbella\" srcset=\"https:\/\/marbellarentacar.com\/wp-content\/uploads\/2023\/03\/marbellarentacar-3_resultado-300x295.jpg 300w, https:\/\/marbellarentacar.com\/wp-content\/uploads\/2023\/03\/marbellarentacar-3_resultado-768x755.jpg 768w, https:\/\/marbellarentacar.com\/wp-content\/uploads\/2023\/03\/marbellarentacar-3_resultado-12x12.jpg 12w, https:\/\/marbellarentacar.com\/wp-content\/uploads\/2023\/03\/marbellarentacar-3_resultado.jpg 1024w\" sizes=\"(max-width: 300px) 100vw, 300px\" \/><\/div>\n\t\t<\/figure>\n\t<\/div>\n<div id=\"ultimate-heading-306769f1f006d03f3\" class=\"uvc-heading ult-adjust-bottom-margin ultimate-heading-306769f1f006d03f3 uvc-4212\" data-hspacer=\"line_only\"  data-halign=\"center\" style=\"text-align:center\"><div class=\"uvc-main-heading ult-responsive\"  data-ultimate-target='.uvc-heading.ultimate-heading-306769f1f006d03f3 h2'  data-responsive-json-new='{\"font-size\":\"desktop:25px;\",\"line-height\":\"desktop:30px;\"}' ><h2 style=\"font-weight:normal;margin-top:15px;margin-bottom:15px;\">Location de voiture directe sans interm\u00e9diaires<\/h2><\/div><div class=\"uvc-heading-spacer line_only\" style=\"margin-bottom:15px;height:3px;\"><span class=\"uvc-headings-line\" style=\"border-style:solid;border-bottom-width:3px;border-color:#0085e9;width:80px;\"><\/span><\/div><div class=\"uvc-sub-heading ult-responsive\"  data-ultimate-target='.uvc-heading.ultimate-heading-306769f1f006d03f3 .uvc-sub-heading '  data-responsive-json-new='{\"font-size\":\"desktop:18px;\",\"line-height\":\"desktop:22px;\"}'  style=\"font-weight:normal;margin-bottom:15px;\">MarbellaRentaCar fournit des services de location de voitures directs \u00e0 Malaga sans interm\u00e9diaires, ce qui nous permet d&#039;offrir les meilleurs tarifs de location de voitures.<\/p>\n<p>Lorsque vous choisissez l&#039;un de nos services suppl\u00e9mentaires, soyez assur\u00e9 que vous ne payez aucun frais interm\u00e9diaire.<\/div><\/div><\/div><\/div><\/div><\/div><div class=\"vc_row wpb_row vc_row-fluid vc_custom_1680176032044\"><div class=\"wpb_column vc_column_container vc_col-sm-12\"><div class=\"vc_column-inner\"><div class=\"wpb_wrapper\">\n\t<div class=\"wpb_text_column wpb_content_element\" >\n\t\t<div class=\"wpb_wrapper\">\n\t\t\t<h2 class=\"h2A\">Location de voiture Marbella<\/h2>\n<h2 class=\"h2B\">Location de voiture Marbella<\/h2>\n<div class=\"h2separador\"><\/div>\n\n\t\t<\/div>\n\t<\/div>\n<\/div><\/div><\/div><\/div><div class=\"vc_row wpb_row vc_row-fluid separador vc_custom_1680178473061\"><div class=\"wpb_column vc_column_container vc_col-sm-12\"><div class=\"vc_column-inner\"><div class=\"wpb_wrapper\">\n\t<div class=\"wpb_text_column wpb_content_element\" >\n\t\t<div class=\"wpb_wrapper\">\n\t\t\t<div class=\"navigation\"><div class=\"car-rental-slider car-rental-loading\"><div class=\"responsive-cars-slider\"><div> <!-- car-rental-item-image 1 --> <div class=\"car-rental-item-image\" ><a href=\"https:\/\/marbellarentacar.com\/fr\/car\/siege-mii\/\" title=\"Voir la voiture\"><img decoding=\"async\" src=\"https:\/\/marbellarentacar.com\/wp-content\/uploads\/CarRentalGallery\/thumb_1518181276_seat-mii-Main.png\" title=\"Si\u00e8ge Mii\" alt=\"Si\u00e8ge Mii\"><\/a><\/div><div class=\"car-rental-item-details\"><div class=\"car-rental-slider-bodytype-title\">TypeMini<\/div><div class=\"car-rental-item-title underline full-width\"><a class=\"primary_color\" href=\"https:\/\/marbellarentacar.com\/fr\/car\/siege-mii\/\" title=\"Voir la voiture\">Si\u00e8ge Mii<\/a><\/div><div class=\"car-rental-item-prefix primary_color\">jour de<\/div><div class=\"car-rental-item-price primary_color\">24\u20ac<\/div><\/div><\/div><div> <!-- car-rental-item-image 1 --> <div class=\"car-rental-item-image\" ><a href=\"https:\/\/marbellarentacar.com\/fr\/car\/opel-corsa\/\" title=\"Voir la voiture\"><img decoding=\"async\" src=\"https:\/\/marbellarentacar.com\/wp-content\/uploads\/CarRentalGallery\/thumb_1518182207_opel-corsa-Main.png\" title=\"Opel Corsa\" alt=\"Opel Corsa\"><\/a><\/div><div class=\"car-rental-item-details\"><div class=\"car-rental-slider-bodytype-title\">\u00c9conomie<\/div><div class=\"car-rental-item-title underline full-width\"><a class=\"primary_color\" href=\"https:\/\/marbellarentacar.com\/fr\/car\/opel-corsa\/\" title=\"Voir la voiture\">Opel Corsa<\/a><\/div><div class=\"car-rental-item-prefix primary_color\">jour de<\/div><div class=\"car-rental-item-price primary_color\">28\u20ac<\/div><\/div><\/div><div> <!-- car-rental-item-image 1 --> <div class=\"car-rental-item-image\" ><a href=\"https:\/\/marbellarentacar.com\/fr\/car\/siege-ibiza\/\" title=\"Voir la voiture\"><img decoding=\"async\" src=\"https:\/\/marbellarentacar.com\/wp-content\/uploads\/CarRentalGallery\/thumb_1518426848_Seat-Ibiza-Main.png\" title=\"Seat Ibiza\" alt=\"Seat Ibiza\"><\/a><\/div><div class=\"car-rental-item-details\"><div class=\"car-rental-slider-bodytype-title\">\u00c9conomie<\/div><div class=\"car-rental-item-title underline full-width\"><a class=\"primary_color\" href=\"https:\/\/marbellarentacar.com\/fr\/car\/siege-ibiza\/\" title=\"Voir la voiture\">Seat Ibiza<\/a><\/div><div class=\"car-rental-item-prefix primary_color\">jour de<\/div><div class=\"car-rental-item-price primary_color\">28\u20ac<\/div><\/div><\/div><div> <!-- car-rental-item-image 1 --> <div class=\"car-rental-item-image\" ><a href=\"https:\/\/marbellarentacar.com\/fr\/car\/volkswagen-polo\/\" title=\"Voir la voiture\"><img decoding=\"async\" src=\"https:\/\/marbellarentacar.com\/wp-content\/uploads\/CarRentalGallery\/thumb_1518181777_vw-polo-Main.png\" title=\"Polo Volkswagen\" alt=\"Polo Volkswagen\"><\/a><\/div><div class=\"car-rental-item-details\"><div class=\"car-rental-slider-bodytype-title\">\u00c9conomie<\/div><div class=\"car-rental-item-title underline full-width\"><a class=\"primary_color\" href=\"https:\/\/marbellarentacar.com\/fr\/car\/volkswagen-polo\/\" title=\"Voir la voiture\">Polo Volkswagen<\/a><\/div><div class=\"car-rental-item-prefix primary_color\">jour de<\/div><div class=\"car-rental-item-price primary_color\">28\u20ac<\/div><\/div><\/div><div> <!-- car-rental-item-image 1 --> <div class=\"car-rental-item-image\" ><a href=\"https:\/\/marbellarentacar.com\/fr\/car\/ford-fusion\/\" title=\"Voir la voiture\"><img decoding=\"async\" src=\"https:\/\/marbellarentacar.com\/wp-content\/uploads\/CarRentalGallery\/thumb_1518194516_Ford-Fusion-Main.png\" title=\"Ford Fusion\" alt=\"Ford Fusion\"><\/a><\/div><div class=\"car-rental-item-details\"><div class=\"car-rental-slider-bodytype-title\">Compact<\/div><div class=\"car-rental-item-title underline full-width\"><a class=\"primary_color\" href=\"https:\/\/marbellarentacar.com\/fr\/car\/ford-fusion\/\" title=\"Voir la voiture\">Ford Fusion<\/a><\/div><div class=\"car-rental-item-prefix primary_color\">jour de<\/div><div class=\"car-rental-item-price primary_color\">29\u20ac<\/div><\/div><\/div><div> <!-- car-rental-item-image 1 --> <div class=\"car-rental-item-image\" ><a href=\"https:\/\/marbellarentacar.com\/fr\/car\/nissan-note\/\" title=\"Voir la voiture\"><img decoding=\"async\" src=\"https:\/\/marbellarentacar.com\/wp-content\/uploads\/CarRentalGallery\/thumb_1518183009_nissan-note-Main.png\" title=\"Note Nissan\" alt=\"Note Nissan\"><\/a><\/div><div class=\"car-rental-item-details\"><div class=\"car-rental-slider-bodytype-title\">Compact<\/div><div class=\"car-rental-item-title underline full-width\"><a class=\"primary_color\" href=\"https:\/\/marbellarentacar.com\/fr\/car\/nissan-note\/\" title=\"Voir la voiture\">Note Nissan<\/a><\/div><div class=\"car-rental-item-prefix primary_color\">jour de<\/div><div class=\"car-rental-item-price primary_color\">29\u20ac<\/div><\/div><\/div><div> <!-- car-rental-item-image 1 --> <div class=\"car-rental-item-image\" ><a href=\"https:\/\/marbellarentacar.com\/fr\/car\/opel-astra\/\" title=\"Voir la voiture\"><img decoding=\"async\" src=\"https:\/\/marbellarentacar.com\/wp-content\/uploads\/CarRentalGallery\/thumb_1532431302_opel-astra-Main.png\" title=\"Opel Astra\" alt=\"Opel Astra\"><\/a><\/div><div class=\"car-rental-item-details\"><div class=\"car-rental-slider-bodytype-title\">Compact<\/div><div class=\"car-rental-item-title underline full-width\"><a class=\"primary_color\" href=\"https:\/\/marbellarentacar.com\/fr\/car\/opel-astra\/\" title=\"Voir la voiture\">Opel Astra<\/a><\/div><div class=\"car-rental-item-prefix primary_color\">jour de<\/div><div class=\"car-rental-item-price primary_color\">33\u20ac<\/div><\/div><\/div><div> <!-- car-rental-item-image 1 --> <div class=\"car-rental-item-image\" ><a href=\"https:\/\/marbellarentacar.com\/fr\/car\/renault-megane\/\" title=\"Voir la voiture\"><img decoding=\"async\" src=\"https:\/\/marbellarentacar.com\/wp-content\/uploads\/CarRentalGallery\/thumb_1518183285_Renault-Megane-Main.png\" title=\"Renault M\u00e9gane\" alt=\"Renault M\u00e9gane\"><\/a><\/div><div class=\"car-rental-item-details\"><div class=\"car-rental-slider-bodytype-title\">Compact<\/div><div class=\"car-rental-item-title underline full-width\"><a class=\"primary_color\" href=\"https:\/\/marbellarentacar.com\/fr\/car\/renault-megane\/\" title=\"Voir la voiture\">Renault M\u00e9gane<\/a><\/div><div class=\"car-rental-item-prefix primary_color\">jour de<\/div><div class=\"car-rental-item-price primary_color\">33\u20ac<\/div><\/div><\/div><div> <!-- car-rental-item-image 1 --> <div class=\"car-rental-item-image\" ><a href=\"https:\/\/marbellarentacar.com\/fr\/car\/seat-ibiza-st\/\" title=\"Voir la voiture\"><img decoding=\"async\" src=\"https:\/\/marbellarentacar.com\/wp-content\/uploads\/CarRentalGallery\/thumb_setat-ibiza-ST-Main.png\" title=\"Seat Ibiza STW\" alt=\"Seat Ibiza STW\"><\/a><\/div><div class=\"car-rental-item-details\"><div class=\"car-rental-slider-bodytype-title\">\u00c9conomie<\/div><div class=\"car-rental-item-title underline full-width\"><a class=\"primary_color\" href=\"https:\/\/marbellarentacar.com\/fr\/car\/seat-ibiza-st\/\" title=\"Voir la voiture\">Seat Ibiza STW<\/a><\/div><div class=\"car-rental-item-prefix primary_color\">jour de<\/div><div class=\"car-rental-item-price primary_color\">33\u20ac<\/div><\/div><\/div><div> <!-- car-rental-item-image 1 --> <div class=\"car-rental-item-image\" ><a href=\"https:\/\/marbellarentacar.com\/fr\/car\/volkswagen-golf\/\" title=\"Voir la voiture\"><img decoding=\"async\" src=\"https:\/\/marbellarentacar.com\/wp-content\/uploads\/CarRentalGallery\/thumb_1518187332_Volkswagen-Golf-Main.png\" title=\"Volkswagen Golf\" alt=\"Volkswagen Golf\"><\/a><\/div><div class=\"car-rental-item-details\"><div class=\"car-rental-slider-bodytype-title\">Compact<\/div><div class=\"car-rental-item-title underline full-width\"><a class=\"primary_color\" href=\"https:\/\/marbellarentacar.com\/fr\/car\/volkswagen-golf\/\" title=\"Voir la voiture\">Volkswagen Golf<\/a><\/div><div class=\"car-rental-item-prefix primary_color\">jour de<\/div><div class=\"car-rental-item-price primary_color\">33\u20ac<\/div><\/div><\/div><div> <!-- car-rental-item-image 1 --> <div class=\"car-rental-item-image\" ><a href=\"https:\/\/marbellarentacar.com\/fr\/car\/citroen-elysee\/\" title=\"Voir la voiture\"><img decoding=\"async\" src=\"https:\/\/marbellarentacar.com\/wp-content\/uploads\/CarRentalGallery\/thumb_Citroen-C-Elysee-Main.png\" title=\"Citro\u00ebn \u00c9lys\u00e9e\" alt=\"Citro\u00ebn \u00c9lys\u00e9e\"><\/a><\/div><div class=\"car-rental-item-details\"><div class=\"car-rental-slider-bodytype-title\">Compact \u00c9lite<\/div><div class=\"car-rental-item-title underline full-width\"><a class=\"primary_color\" href=\"https:\/\/marbellarentacar.com\/fr\/car\/citroen-elysee\/\" title=\"Voir la voiture\">Citro\u00ebn \u00c9lys\u00e9e<\/a><\/div><div class=\"car-rental-item-prefix primary_color\">jour de<\/div><div class=\"car-rental-item-price primary_color\">36\u20ac<\/div><\/div><\/div><div> <!-- car-rental-item-image 1 --> <div class=\"car-rental-item-image\" ><a href=\"https:\/\/marbellarentacar.com\/fr\/car\/louer-un-peugeot-partner-tepee\/\" title=\"Voir la voiture\"><img decoding=\"async\" src=\"https:\/\/marbellarentacar.com\/wp-content\/uploads\/CarRentalGallery\/thumb_Peugeot-Partner-Teepee-Main.png\" title=\"Tipi Peugeot Partner\" alt=\"Tipi Peugeot Partner\"><\/a><\/div><div class=\"car-rental-item-details\"><div class=\"car-rental-slider-bodytype-title\">Compact<\/div><div class=\"car-rental-item-title underline full-width\"><a class=\"primary_color\" href=\"https:\/\/marbellarentacar.com\/fr\/car\/louer-un-peugeot-partner-tepee\/\" title=\"Voir la voiture\">Tipi Peugeot Partner<\/a><\/div><div class=\"car-rental-item-prefix primary_color\">jour de<\/div><div class=\"car-rental-item-price primary_color\">36\u20ac<\/div><\/div><\/div><div> <!-- car-rental-item-image 1 --> <div class=\"car-rental-item-image\" ><a href=\"https:\/\/marbellarentacar.com\/fr\/car\/skoda-rapid-1-6-tdi\/\" title=\"Voir la voiture\"><img decoding=\"async\" src=\"https:\/\/marbellarentacar.com\/wp-content\/uploads\/CarRentalGallery\/thumb_skoda_rapid-Main.png\" title=\"Skoda Rapid 1.6 TDI\" alt=\"Skoda Rapid 1.6 TDI\"><\/a><\/div><div class=\"car-rental-item-details\"><div class=\"car-rental-slider-bodytype-title\">Compact \u00c9lite<\/div><div class=\"car-rental-item-title underline full-width\"><a class=\"primary_color\" href=\"https:\/\/marbellarentacar.com\/fr\/car\/skoda-rapid-1-6-tdi\/\" title=\"Voir la voiture\">Skoda Rapid 1.6 TDI<\/a><\/div><div class=\"car-rental-item-prefix primary_color\">jour de<\/div><div class=\"car-rental-item-price primary_color\">36\u20ac<\/div><\/div><\/div><div> <!-- car-rental-item-image 1 --> <div class=\"car-rental-item-image\" ><a href=\"https:\/\/marbellarentacar.com\/fr\/car\/siege-leon\/\" title=\"Voir la voiture\"><img decoding=\"async\" src=\"https:\/\/marbellarentacar.com\/wp-content\/uploads\/CarRentalGallery\/thumb_1518191889_seat-leon-Main.png\" title=\"Seat Leon STW\" alt=\"Seat Leon STW\"><\/a><\/div><div class=\"car-rental-item-details\"><div class=\"car-rental-slider-bodytype-title\">Compact<\/div><div class=\"car-rental-item-title underline full-width\"><a class=\"primary_color\" href=\"https:\/\/marbellarentacar.com\/fr\/car\/siege-leon\/\" title=\"Voir la voiture\">Seat Leon STW<\/a><\/div><div class=\"car-rental-item-prefix primary_color\">jour de<\/div><div class=\"car-rental-item-price primary_color\">41\u20ac<\/div><\/div><\/div><div> <!-- car-rental-item-image 1 --> <div class=\"car-rental-item-image\" ><a href=\"https:\/\/marbellarentacar.com\/fr\/car\/opel-zafira\/\" title=\"Voir la voiture\"><img decoding=\"async\" src=\"https:\/\/marbellarentacar.com\/wp-content\/uploads\/CarRentalGallery\/thumb_1518193006_Opel-Zafira-Main.png\" title=\"Opel Zafira\" alt=\"Opel Zafira\"><\/a><\/div><div class=\"car-rental-item-details\"><div class=\"car-rental-slider-bodytype-title\">Interm\u00e9diaire<\/div><div class=\"car-rental-item-title underline full-width\"><a class=\"primary_color\" href=\"https:\/\/marbellarentacar.com\/fr\/car\/opel-zafira\/\" title=\"Voir la voiture\">Opel Zafira<\/a><\/div><div class=\"car-rental-item-prefix primary_color\">jour de<\/div><div class=\"car-rental-item-price primary_color\">84\u20ac<\/div><\/div><\/div><div> <!-- car-rental-item-image 1 --> <div class=\"car-rental-item-image\" ><a href=\"https:\/\/marbellarentacar.com\/fr\/car\/volkswagen-touran\/\" title=\"Voir la voiture\"><img decoding=\"async\" src=\"https:\/\/marbellarentacar.com\/wp-content\/uploads\/CarRentalGallery\/thumb_1518003549_Volkswagen-TOURAN-Main.png\" title=\"Volkswagen Touran\" alt=\"Volkswagen Touran\"><\/a><\/div><div class=\"car-rental-item-details\"><div class=\"car-rental-slider-bodytype-title\">Interm\u00e9diaire<\/div><div class=\"car-rental-item-title underline full-width\"><a class=\"primary_color\" href=\"https:\/\/marbellarentacar.com\/fr\/car\/volkswagen-touran\/\" title=\"Voir la voiture\">Volkswagen Touran<\/a><\/div><div class=\"car-rental-item-prefix primary_color\">jour de<\/div><div class=\"car-rental-item-price primary_color\">84\u20ac<\/div><\/div><\/div><div> <!-- car-rental-item-image 1 --> <div class=\"car-rental-item-image\" ><a href=\"https:\/\/marbellarentacar.com\/fr\/car\/siege-alhambra\/\" title=\"Voir la voiture\"><img decoding=\"async\" src=\"https:\/\/marbellarentacar.com\/wp-content\/uploads\/CarRentalGallery\/thumb_1518193714_Seat-Alhambra-Main.png\" title=\"Si\u00e8ge Alhambra\" alt=\"Si\u00e8ge Alhambra\"><\/a><\/div><div class=\"car-rental-item-details\"><div class=\"car-rental-slider-bodytype-title\">Taille r\u00e9elle<\/div><div class=\"car-rental-item-title underline full-width\"><a class=\"primary_color\" href=\"https:\/\/marbellarentacar.com\/fr\/car\/siege-alhambra\/\" title=\"Voir la voiture\">Si\u00e8ge Alhambra<\/a><\/div><div class=\"car-rental-item-prefix primary_color\">jour de<\/div><div class=\"car-rental-item-price primary_color\">87\u20ac<\/div><\/div><\/div><div> <!-- car-rental-item-image 1 --> <div class=\"car-rental-item-image\" ><a href=\"https:\/\/marbellarentacar.com\/fr\/car\/mercedes-vito\/\" title=\"Voir la voiture\"><img decoding=\"async\" src=\"https:\/\/marbellarentacar.com\/wp-content\/uploads\/CarRentalGallery\/thumb_1620466017_Mercedes-Benz-Vito-Main.png\" title=\"Mercedes Vito\" alt=\"Mercedes Vito\"><\/a><\/div><div class=\"car-rental-item-details\"><div class=\"car-rental-slider-bodytype-title\">Standard<\/div><div class=\"car-rental-item-title underline full-width\"><a class=\"primary_color\" href=\"https:\/\/marbellarentacar.com\/fr\/car\/mercedes-vito\/\" title=\"Voir la voiture\">Mercedes Vito<\/a><\/div><div class=\"car-rental-item-prefix primary_color\">jour de<\/div><div class=\"car-rental-item-price primary_color\">88\u20ac<\/div><\/div><\/div><div> <!-- car-rental-item-image 1 --> <div class=\"car-rental-item-image\" ><a href=\"https:\/\/marbellarentacar.com\/fr\/car\/opel-vivaro\/\" title=\"Voir la voiture\"><img decoding=\"async\" src=\"https:\/\/marbellarentacar.com\/wp-content\/uploads\/CarRentalGallery\/thumb_1518189950_opel-vivaro-Main.png\" title=\"Opel Vivaro\" alt=\"Opel Vivaro\"><\/a><\/div><div class=\"car-rental-item-details\"><div class=\"car-rental-slider-bodytype-title\">Standard<\/div><div class=\"car-rental-item-title underline full-width\"><a class=\"primary_color\" href=\"https:\/\/marbellarentacar.com\/fr\/car\/opel-vivaro\/\" title=\"Voir la voiture\">Opel Vivaro<\/a><\/div><div class=\"car-rental-item-prefix primary_color\">jour de<\/div><div class=\"car-rental-item-price primary_color\">88\u20ac<\/div><\/div><\/div><\/div>\n\t<\/div><\/div><script type=\"text\/javascript\">\njQuery(document).ready(function() {\n    var slider = jQuery(\".responsive-cars-slider\");\n    slider.slick({lazyLoad:\"ondemand\",dots: false,infinite: false,speed: 500,slidesToShow:  4,slidesToScroll: 2,autoplay: false,autoplaySpeed: 1000,prevArrow: \"<button type=button class=car-rental-slider-prev><\/button>\",nextArrow: \"<button type=button class=car-rental-slider-next><\/button>\",       \n        responsive: [{breakpoint: 1280,settings: {slidesToShow: 3,slidesToScroll: 1}},{breakpoint: 768,settings: {slidesToShow: 2,slidesToScroll: 1}},{breakpoint: 420,settings: {slidesToShow: 1,slidesToScroll: 1}}]});});\n<\/script>\n\n\t\t<\/div>\n\t<\/div>\n<\/div><\/div><\/div><\/div><!-- Row Backgrounds --><div class=\"upb_color\" data-bg-override=\"full\" data-bg-color=\"#ffffff\" data-fadeout=\"\" data-fadeout-percentage=\"30\" data-parallax-content=\"\" data-parallax-content-sense=\"30\" data-row-effect-mobile-disable=\"true\" data-img-parallax-mobile-disable=\"true\" data-rtl=\"false\"  data-custom-vc-row=\"\"  data-vc=\"8.5\"  data-is_old_vc=\"\"  data-theme-support=\"\"   data-overlay=\"false\" data-overlay-color=\"\" data-overlay-pattern=\"\" data-overlay-pattern-opacity=\"\" data-overlay-pattern-size=\"\"    ><\/div><div class=\"vc_row wpb_row vc_row-fluid\"><div class=\"wpb_column vc_column_container vc_col-sm-1\/5\"><div class=\"vc_column-inner\"><div class=\"wpb_wrapper\"><div class=\"aio-icon-component    style_1\"><div id=\"Info-box-wrap-2301\" class=\"aio-icon-box top-icon\" style=\"\"  ><div class=\"aio-icon-top\"><div class=\"ult-just-icon-wrapper\"><div class=\"align-icon\" style=\"text-align:center;\">\n<div class=\"aio-icon none\"  style=\"color:#004b82;font-size:50px;display:inline-block;\">\n\t<i class=\"Defaults-tint\"><\/i>\n<\/div><\/div><\/div><\/div><div class=\"aio-icon-description ult-responsive\"  data-ultimate-target='#Info-box-wrap-2301 .aio-icon-description'  data-responsive-json-new='{\"font-size\":\"\",\"line-height\":\"\"}'  style=\"\">POLITIQUE DE CARBURANT<br \/>\n\u00ab PLEIN-PLEIN \u00bb<\/div> <!-- description --><\/div> <!-- aio-icon-box --><\/div> <!-- aio-icon-component --><\/div><\/div><\/div><div class=\"wpb_column vc_column_container vc_col-sm-1\/5\"><div class=\"vc_column-inner\"><div class=\"wpb_wrapper\"><div class=\"aio-icon-component    style_1\"><div id=\"Info-box-wrap-1329\" class=\"aio-icon-box top-icon\" style=\"\"  ><div class=\"aio-icon-top\"><div class=\"ult-just-icon-wrapper\"><div class=\"align-icon\" style=\"text-align:center;\">\n<div class=\"aio-icon none\"  style=\"color:#004b82;font-size:50px;display:inline-block;\">\n\t<i class=\"Defaults-life-bouy life-buoy life-ring life-saver support\"><\/i>\n<\/div><\/div><\/div><\/div><div class=\"aio-icon-description ult-responsive\"  data-ultimate-target='#Info-box-wrap-1329 .aio-icon-description'  data-responsive-json-new='{\"font-size\":\"\",\"line-height\":\"\"}'  style=\"\">ASSURANCE SANS<br \/>\nEXC\u00c8S<\/div> <!-- description --><\/div> <!-- aio-icon-box --><\/div> <!-- aio-icon-component --><\/div><\/div><\/div><div class=\"wpb_column vc_column_container vc_col-sm-1\/5\"><div class=\"vc_column-inner\"><div class=\"wpb_wrapper\"><div class=\"aio-icon-component    style_1\"><div id=\"Info-box-wrap-2771\" class=\"aio-icon-box top-icon\" style=\"\"  ><div class=\"aio-icon-top\"><div class=\"ult-just-icon-wrapper\"><div class=\"align-icon\" style=\"text-align:center;\">\n<div class=\"aio-icon none\"  style=\"color:#004b82;font-size:50px;display:inline-block;\">\n\t<i class=\"Defaults-road\"><\/i>\n<\/div><\/div><\/div><\/div><div class=\"aio-icon-description ult-responsive\"  data-ultimate-target='#Info-box-wrap-2771 .aio-icon-description'  data-responsive-json-new='{\"font-size\":\"\",\"line-height\":\"\"}'  style=\"\">24 HEURES DE ROUTE<br \/>\nSERVICES D&#039;ASSISTANCE<\/div> <!-- description --><\/div> <!-- aio-icon-box --><\/div> <!-- aio-icon-component --><\/div><\/div><\/div><div class=\"wpb_column vc_column_container vc_col-sm-1\/5\"><div class=\"vc_column-inner\"><div class=\"wpb_wrapper\"><div class=\"aio-icon-component    style_1\"><div id=\"Info-box-wrap-9513\" class=\"aio-icon-box top-icon\" style=\"\"  ><div class=\"aio-icon-top\"><div class=\"ult-just-icon-wrapper\"><div class=\"align-icon\" style=\"text-align:center;\">\n<div class=\"aio-icon none\"  style=\"color:#004b82;font-size:50px;display:inline-block;\">\n\t<i class=\"Defaults-dashboard tachometer\"><\/i>\n<\/div><\/div><\/div><\/div><div class=\"aio-icon-description ult-responsive\"  data-ultimate-target='#Info-box-wrap-9513 .aio-icon-description'  data-responsive-json-new='{\"font-size\":\"\",\"line-height\":\"\"}'  style=\"\">KILOM\u00c9TRAGE ILLIMIT\u00c9<\/div> <!-- description --><\/div> <!-- aio-icon-box --><\/div> <!-- aio-icon-component --><\/div><\/div><\/div><div class=\"wpb_column vc_column_container vc_col-sm-1\/5\"><div class=\"vc_column-inner\"><div class=\"wpb_wrapper\"><div class=\"aio-icon-component    style_1\"><div id=\"Info-box-wrap-3345\" class=\"aio-icon-box top-icon\" style=\"\"  ><div class=\"aio-icon-top\"><div class=\"ult-just-icon-wrapper\"><div class=\"align-icon\" style=\"text-align:center;\">\n<div class=\"aio-icon none\"  style=\"color:#004b82;font-size:50px;display:inline-block;\">\n\t<i class=\"Defaults-desktop\"><\/i>\n<\/div><\/div><\/div><\/div><div class=\"aio-icon-description ult-responsive\"  data-ultimate-target='#Info-box-wrap-3345 .aio-icon-description'  data-responsive-json-new='{\"font-size\":\"\",\"line-height\":\"\"}'  style=\"\">RAPIDE<br \/>\nENREGISTREMENT<\/div> <!-- description --><\/div> <!-- aio-icon-box --><\/div> <!-- aio-icon-component --><\/div><\/div><\/div><div class=\"wpb_column vc_column_container vc_col-sm-1\/5\"><div class=\"vc_column-inner\"><div class=\"wpb_wrapper\"><div class=\"aio-icon-component    style_1\"><div id=\"Info-box-wrap-7682\" class=\"aio-icon-box top-icon\" style=\"\"  ><div class=\"aio-icon-top\"><div class=\"ult-just-icon-wrapper\"><div class=\"align-icon\" style=\"text-align:center;\">\n<div class=\"aio-icon none\"  style=\"color:#004b82;font-size:50px;display:inline-block;\">\n\t<i class=\"Defaults-automobile car\"><\/i>\n<\/div><\/div><\/div><\/div><div class=\"aio-icon-description ult-responsive\"  data-ultimate-target='#Info-box-wrap-7682 .aio-icon-description'  data-responsive-json-new='{\"font-size\":\"\",\"line-height\":\"\"}'  style=\"\">LIVRAISON CHEZ VOUS<br \/>\nH\u00c9BERGEMENT<\/div> <!-- description --><\/div> <!-- aio-icon-box --><\/div> <!-- aio-icon-component --><\/div><\/div><\/div><div class=\"wpb_column vc_column_container vc_col-sm-1\/5\"><div class=\"vc_column-inner\"><div class=\"wpb_wrapper\"><div class=\"aio-icon-component    style_1\"><div id=\"Info-box-wrap-7528\" class=\"aio-icon-box top-icon\" style=\"\"  ><div class=\"aio-icon-top\"><div class=\"ult-just-icon-wrapper\"><div class=\"align-icon\" style=\"text-align:center;\">\n<div class=\"aio-icon none\"  style=\"color:#004b82;font-size:50px;display:inline-block;\">\n\t<i class=\"Defaults-clock-o\"><\/i>\n<\/div><\/div><\/div><\/div><div class=\"aio-icon-description ult-responsive\"  data-ultimate-target='#Info-box-wrap-7528 .aio-icon-description'  data-responsive-json-new='{\"font-size\":\"\",\"line-height\":\"\"}'  style=\"\">LIVRAISON SUR<br \/>\nHEURES DE BUREAU NORMALES<\/div> <!-- description --><\/div> <!-- aio-icon-box --><\/div> <!-- aio-icon-component --><\/div><\/div><\/div><div class=\"wpb_column vc_column_container vc_col-sm-1\/5\"><div class=\"vc_column-inner\"><div class=\"wpb_wrapper\"><div class=\"aio-icon-component    style_1\"><div id=\"Info-box-wrap-1449\" class=\"aio-icon-box top-icon\" style=\"\"  ><div class=\"aio-icon-top\"><div class=\"ult-just-icon-wrapper\"><div class=\"align-icon\" style=\"text-align:center;\">\n<div class=\"aio-icon none\"  style=\"color:#004b82;font-size:50px;display:inline-block;\">\n\t<i class=\"Defaults-mail-reply-all reply-all\"><\/i>\n<\/div><\/div><\/div><\/div><div class=\"aio-icon-description ult-responsive\"  data-ultimate-target='#Info-box-wrap-1449 .aio-icon-description'  data-responsive-json-new='{\"font-size\":\"\",\"line-height\":\"\"}'  style=\"\">LOCATIONS ALLER SIMPLE<\/div> <!-- description --><\/div> <!-- aio-icon-box --><\/div> <!-- aio-icon-component --><\/div><\/div><\/div><div class=\"wpb_column vc_column_container vc_col-sm-1\/5\"><div class=\"vc_column-inner\"><div class=\"wpb_wrapper\"><div class=\"aio-icon-component    style_1\"><div id=\"Info-box-wrap-9190\" class=\"aio-icon-box top-icon\" style=\"\"  ><div class=\"aio-icon-top\"><div class=\"ult-just-icon-wrapper\"><div class=\"align-icon\" style=\"text-align:center;\">\n<div class=\"aio-icon none\"  style=\"color:#004b82;font-size:50px;display:inline-block;\">\n\t<i class=\"Defaults-male\"><\/i>\n<\/div><\/div><\/div><\/div><div class=\"aio-icon-description ult-responsive\"  data-ultimate-target='#Info-box-wrap-9190 .aio-icon-description'  data-responsive-json-new='{\"font-size\":\"\",\"line-height\":\"\"}'  style=\"\">EL\u00c9MENTS SUPPL\u00c9MENTAIRES<br \/>\nun autre conducteur<\/div> <!-- description --><\/div> <!-- aio-icon-box --><\/div> <!-- aio-icon-component --><\/div><\/div><\/div><div class=\"wpb_column vc_column_container vc_col-sm-1\/5\"><div class=\"vc_column-inner\"><div class=\"wpb_wrapper\"><div class=\"aio-icon-component    style_1\"><div id=\"Info-box-wrap-4642\" class=\"aio-icon-box top-icon\" style=\"\"  ><div class=\"aio-icon-top\"><div class=\"ult-just-icon-wrapper\"><div class=\"align-icon\" style=\"text-align:center;\">\n<div class=\"aio-icon none\"  style=\"color:#004b82;font-size:50px;display:inline-block;\">\n\t<i class=\"Defaults-file-text-o\"><\/i>\n<\/div><\/div><\/div><\/div><div class=\"aio-icon-description ult-responsive\"  data-ultimate-target='#Info-box-wrap-4642 .aio-icon-description'  data-responsive-json-new='{\"font-size\":\"\",\"line-height\":\"\"}'  style=\"\">RAPPORT DE LA CONDITION<br \/>\nDU V\u00c9HICULE<\/div> <!-- description --><\/div> <!-- aio-icon-box --><\/div> <!-- aio-icon-component --><\/div><\/div><\/div><\/div><div class=\"vc_row wpb_row vc_row-fluid vc_custom_1680176032044\"><div class=\"wpb_column vc_column_container vc_col-sm-12\"><div class=\"vc_column-inner\"><div class=\"wpb_wrapper\">\n\t<div class=\"wpb_text_column wpb_content_element\" >\n\t\t<div class=\"wpb_wrapper\">\n\t\t\t<h2 class=\"h2A\">Location de voiture Marbella<\/h2>\n<h2 class=\"h2B\">Location de voiture Marbella<\/h2>\n<div class=\"h2separador\"><\/div>\n\n\t\t<\/div>\n\t<\/div>\n<\/div><\/div><\/div><\/div><div class=\"vc_row wpb_row vc_row-fluid\"><div class=\"wpb_column vc_column_container vc_col-sm-12 vc_col-lg-offset-2 vc_col-lg-8 vc_col-md-offset-2 vc_col-md-8\"><div class=\"vc_column-inner vc_custom_1680373028800\"><div class=\"wpb_wrapper\"><div id=\"ultimate-heading-847369f1f00703c71\" class=\"uvc-heading ult-adjust-bottom-margin ultimate-heading-847369f1f00703c71 uvc-7091\" data-hspacer=\"line_only\"  data-halign=\"center\" style=\"text-align:center\"><div class=\"uvc-main-heading ult-responsive\"  data-ultimate-target='.uvc-heading.ultimate-heading-847369f1f00703c71 h2'  data-responsive-json-new='{\"font-size\":\"desktop:35px;\",\"line-height\":\"desktop:40px;\"}' ><h2 style=\"font-weight:normal;margin-top:33px;margin-bottom:15px;\">Louer une voiture n&#039;a jamais \u00e9t\u00e9 aussi facile avec MarbellaRentaCar<\/h2><\/div><div class=\"uvc-heading-spacer line_only\" style=\"margin-bottom:33px;height:3px;\"><span class=\"uvc-headings-line\" style=\"border-style:solid;border-bottom-width:3px;border-color:#0085e9;width:80px;\"><\/span><\/div><div class=\"uvc-sub-heading ult-responsive\"  data-ultimate-target='.uvc-heading.ultimate-heading-847369f1f00703c71 .uvc-sub-heading '  data-responsive-json-new='{\"font-size\":\"\",\"line-height\":\"\"}'  style=\"font-weight:normal;margin-bottom:15px;\">Notre site Web propose un processus de location simple et pratique qui vous permet de r\u00e9server votre voiture en quelques clics. Avec notre vaste flotte de v\u00e9hicules bien entretenus, vous pouvez choisir la voiture parfaite pour vos besoins et votre budget.<\/p>\n<p>De plus, avec nos tarifs comp\u00e9titifs, vous pouvez \u00eatre s\u00fbr d&#039;obtenir la meilleure offre possible. Dites adieu au stress et aux d\u00e9sagr\u00e9ments des transports en commun, et bonjour \u00e0 la libert\u00e9 et \u00e0 la flexibilit\u00e9 de louer une voiture avec MarbellaRentaCar.<\/div><\/div><\/div><\/div><\/div><div class=\"wpb_column vc_column_container vc_col-sm-4\"><div class=\"vc_column-inner\"><div class=\"wpb_wrapper\">\n\t<div class=\"wpb_text_column wpb_content_element\" >\n\t\t<div class=\"wpb_wrapper\">\n\t\t\t<a href=\"https:\/\/marbellarentacar.com\/fr\/car-hire\/location-de-voiture-malaga-aeroport\/\" ><img decoding=\"async\" class=\"size-full altimg\" src=\"https:\/\/www.marbellarentacar.com\/img\/banner-malaga-airport\/car-hire-10.jpg\" alt=\"Location de voiture A\u00e9roport de Malaga\" width=\"100%\" \/><\/a>\n<p>La location de voitures \u00e0 l&#039;a\u00e9roport de Malaga est le moyen le plus pratique d&#039;explorer la magnifique r\u00e9gion de la Costa del Sol en Espagne. Avec une location de voiture, vous avez la libert\u00e9 d&#039;aller o\u00f9 vous voulez, quand vous voulez, sans d\u00e9pendre des transports en commun ou des taxis co\u00fbteux. Chez MarbellaRentaCar, nous proposons un processus de location simple et efficace \u00e0 l&#039;a\u00e9roport de Malaga, afin que vous puissiez r\u00e9cup\u00e9rer rapidement votre voiture et commencer votre aventure.<\/p>\n<p>Que vous voyagiez pour les affaires ou pour le plaisir, la location d&#039;une voiture \u00e0 l&#039;a\u00e9roport de Malaga est le meilleur moyen de maximiser votre temps et de d\u00e9couvrir tout ce que la Costa del Sol a \u00e0 offrir. R\u00e9servez votre <strong><a href=\"https:\/\/marbellarentacar.com\/fr\/car-hire\/location-de-voiture-malaga-aeroport\/\">Location de voiture A\u00e9roport de Malaga<\/a><\/strong> avec MarbellaRentaCar et commencez \u00e0 explorer !<\/p>\n\n\t\t<\/div>\n\t<\/div>\n<\/div><\/div><\/div><div class=\"wpb_column vc_column_container vc_col-sm-4\"><div class=\"vc_column-inner\"><div class=\"wpb_wrapper\">\n\t<div class=\"wpb_text_column wpb_content_element\" >\n\t\t<div class=\"wpb_wrapper\">\n\t\t\t<a href=\"https:\/\/marbellarentacar.com\/fr\/car-hire\/location-de-voiture-marbella\/\" ><img decoding=\"async\" class=\"size-full altimg\" src=\"https:\/\/www.marbellarentacar.com\/img\/banner-marbella\/car-hire-4.jpg\" alt=\"Location de Voiture Marbella\" width=\"100%\" \/><\/a>\n<p><a href=\"https:\/\/marbellarentacar.com\/fr\/car-hire\/location-de-voiture-marbella\/\"><strong>Louer une voiture \u00e0 Marbella<\/strong><\/a> est le moyen id\u00e9al pour explorer les magnifiques paysages et attractions de cette charmante ville c\u00f4ti\u00e8re. Gr\u00e2ce au processus de location sans tracas de MarbellaRentaCar, vous pouvez r\u00e9cup\u00e9rer rapidement votre voiture \u00e0 notre bureau au c\u0153ur de Marbella et commencer votre voyage sans aucun retard. Notre vaste s\u00e9lection de voitures de location, y compris des mod\u00e8les \u00e9conomiques, de luxe et SUV, vous permet de trouver le v\u00e9hicule parfait pour vos besoins et votre budget.<\/p>\n<p>Que vous planifiez une excursion d&#039;une journ\u00e9e dans les villes voisines ou que vous partiez pour une route panoramique le long de la c\u00f4te, la location d&#039;une voiture avec MarbellaRentaCar rendra votre voyage confortable et inoubliable.<\/p>\n\n\t\t<\/div>\n\t<\/div>\n<\/div><\/div><\/div><div class=\"wpb_column vc_column_container vc_col-sm-4\"><div class=\"vc_column-inner\"><div class=\"wpb_wrapper\">\n\t<div class=\"wpb_text_column wpb_content_element\" >\n\t\t<div class=\"wpb_wrapper\">\n\t\t\t<a href=\"https:\/\/marbellarentacar.com\/fr\/car-hire\/gibraltar\/\" ><img decoding=\"async\" class=\"size-full altimg\" src=\"https:\/\/www.marbellarentacar.com\/img\/banner-gibraltar\/car-hire-8.jpg\" alt=\"Location de voiture Gibraltar\" width=\"100%\" \/><\/a>\n<p>Gibraltar est un petit territoire britannique situ\u00e9 \u00e0 la pointe sud de l&#039;Espagne, et est une destination populaire pour les touristes qui cherchent \u00e0 explorer son m\u00e9lange unique de cultures britanniques et m\u00e9diterran\u00e9ennes. La meilleure fa\u00e7on de d\u00e9couvrir tout ce que Gibraltar a \u00e0 offrir est de louer une voiture, et MarbellaRentaCar propose des services de location de voitures pratiques \u00e0 l&#039;a\u00e9roport de Gibraltar.<\/p>\n<p>Avec une voiture de location, vous pourrez facilement visiter des sites populaires tels que le rocher de Gibraltar, la grotte Saint-Michel et les belles plages de la c\u00f4te m\u00e9diterran\u00e9enne. R\u00e9servez votre <strong><a href=\"\/fr\/car-hire-gibraltar\/\" target=\"_blank\" rel=\"noopener\">location de voiture Gibraltar<\/a> <\/strong>aujourd&#039;hui et pr\u00e9parez-vous pour une aventure inoubliable.<\/p>\n\n\t\t<\/div>\n\t<\/div>\n<\/div><\/div><\/div><\/div><div class=\"vc_row wpb_row vc_row-fluid vc_custom_1680178463492\"><div class=\"wpb_column vc_column_container vc_col-sm-12\"><div class=\"vc_column-inner\"><div class=\"wpb_wrapper\">\n\t<div class=\"wpb_text_column wpb_content_element\" >\n\t\t<div class=\"wpb_wrapper\">\n\t\t\t<h2 class=\"h2A\">Location de voiture Marbella<\/h2>\n<h2 class=\"h2B\">Location de voiture Marbella<\/h2>\n<div class=\"h2separador\"><\/div>\n\n\t\t<\/div>\n\t<\/div>\n<\/div><\/div><\/div><\/div>\n<\/div>","protected":false},"excerpt":{"rendered":"Location de voitures MarbellaMarbellaRentaCar est une soci\u00e9t\u00e9 de location de voitures situ\u00e9e \u00e0 l&#039;a\u00e9roport de Malaga et Car Hire Marbella, qui permet de r\u00e9server facilement des v\u00e9hicules \u00e0 tout moment de la Costa del Sol, s&#039;adressant aux visiteurs en vacances ainsi qu&#039;aux r\u00e9sidents de la province de Malaga et de ses environs. MarbellaRentaCar offre les meilleurs prix pour louer une voiture \u00e0 Malaga [...]","protected":false},"author":1,"featured_media":10749,"parent":0,"menu_order":0,"comment_status":"closed","ping_status":"closed","template":"","meta":{"_joinchat":[],"footnotes":""},"class_list":["post-240","page","type-page","status-publish","has-post-thumbnail"],"rankMath":{"parentDomain":"marbellarentacar.com","noFollowDomains":[],"noFollowExcludeDomains":[],"noFollowExternalLinks":false,"featuredImageNotice":"L\u2019image en vedette devrait \u00eatre au moins 200 par 200 pixels pour \u00eatre utilis\u00e9 par Facebook et d\u2019autres sites de m\u00e9dias sociaux.","pluginReviewed":false,"postSettings":{"linkSuggestions":true,"useFocusKeyword":false},"frontEndScore":false,"postName":"rent-a-car-malaga-2-2","permalinkFormat":"https:\/\/marbellarentacar.com\/fr\/","showLockModifiedDate":true,"assessor":{"focusKeywordLink":"https:\/\/marbellarentacar.com\/wp-admin\/edit.php?focus_keyword=%focus_keyword%&post_type=%post_type%","hasTOCPlugin":{"easy-table-of-contents\/easy-table-of-contents.php":"Easy Table of Contents"},"primaryTaxonomy":false,"serpData":{"title":"%title% %sep% %sitename% %sep% %currentyear%","description":"%title% %sep% Car rental at Malaga Airport and Marbella offers the convenience of having a personal vehicle, %sitename%","focusKeywords":"Car Hire Marbella","pillarContent":false,"canonicalUrl":"","breadcrumbTitle":"","advancedRobots":{"max-snippet":"-1","max-video-preview":"-1","max-image-preview":"large"},"facebookTitle":"","facebookDescription":"","facebookImage":"https:\/\/marbellarentacar.com\/wp-content\/uploads\/2018\/10\/Malaga-Airport-Alquiler-de-Coches-Malaga-Airport-copia.jpg","facebookImageID":"8379","facebookHasOverlay":false,"facebookImageOverlay":"","facebookAuthor":"","twitterCardType":"","twitterUseFacebook":false,"twitterTitle":"","twitterDescription":"","twitterImage":"https:\/\/marbellarentacar.com\/wp-content\/uploads\/2018\/10\/Malaga-Airport-Alquiler-de-Coches-Malaga-Airport-copia.jpg","twitterImageID":"8379","twitterHasOverlay":false,"twitterImageOverlay":"","twitterPlayerUrl":"","twitterPlayerSize":"","twitterPlayerStream":"","twitterPlayerStreamCtype":"","twitterAppDescription":"","twitterAppIphoneName":"","twitterAppIphoneID":"","twitterAppIphoneUrl":"","twitterAppIpadName":"","twitterAppIpadID":"","twitterAppIpadUrl":"","twitterAppGoogleplayName":"","twitterAppGoogleplayID":"","twitterAppGoogleplayUrl":"","twitterAppCountry":"","robots":{"index":true},"twitterAuthor":"identifiant","primaryTerm":0,"authorName":"Ricardo","titleTemplate":"%title% %page% %sep% %sitename%","descriptionTemplate":"%excerpt%","showScoreFrontend":true,"lockModifiedDate":false},"powerWords":["absolument","amazement","astonishing","authentique","beau","bien-\u00eatre","brillant","captivant","charismatique","choc","clair","compl\u00e8tement","confidentiel","confiance","cons\u00e9quent","cr\u00e9atif","d\u00e9finitivement","d\u00e9licieux","d\u00e9montrer","d\u00e9p\u00eachez-vous","d\u00e9termin\u00e9","digne","dynamique","\u00e9blouissant","\u00e9clatant","\u00e9conomique","\u00e9fficace","\u00e9l\u00e9gant","\u00e9motionnel","\u00e9nergique","\u00e9norme","\u00e9poustouflant","essentiel","\u00e9tonnant","exclusif","exp\u00e9rience","fabuleux","fantastique","formidable","fort","garanti","g\u00e9ant","g\u00e9n\u00e9reux","grandiose","gratuit","habile","harmonieux","historique","hors pair","important","incroyable","indispensable","inoubliable","inspirant","innovant","intense","invention","irr\u00e9sistible","l\u00e9gendaire","lumineux","luxe","magique","magnifique","majestueux","marquant","merveilleux","miraculeux","motivant","n\u00e9cessaire","nouvelle","officiel","parfait","passionn\u00e9","persuasif","ph\u00e9nom\u00e9nal","plaisir","populaire","pouvoir","prestigieux","prodigieux","profond","prosp\u00e8re","puissant","qualit\u00e9","radieux","rapide","r\u00e9ussi","r\u00e9volutionnaire","satisfait","s\u00e9curit\u00e9","sensationnel","serein","somptueux","splendide","sublime","surprenant","talentueux","terrifiant","unique","valeur","vibrant","victorieux","vif","vraiment","z\u00e9l\u00e9"],"diacritics":{"A":"[\\u0041\\u24B6\\uFF21\\u00C0\\u00C1\\u00C2\\u1EA6\\u1EA4\\u1EAA\\u1EA8\\u00C3\\u0100\\u0102\\u1EB0\\u1EAE\\u1EB4\\u1EB2\\u0226\\u01E0\\u00C4\\u01DE\\u1EA2\\u00C5\\u01FA\\u01CD\\u0200\\u0202\\u1EA0\\u1EAC\\u1EB6\\u1E00\\u0104\\u023A\\u2C6F]","AA":"[\\uA732]","AE":"[\\u00C6\\u01FC\\u01E2]","AO":"[\\uA734]","AU":"[\\uA736]","AV":"[\\uA738\\uA73A]","AY":"[\\uA73C]","B":"[\\u0042\\u24B7\\uFF22\\u1E02\\u1E04\\u1E06\\u0243\\u0182\\u0181]","C":"[\\u0043\\u24B8\\uFF23\\u0106\\u0108\\u010A\\u010C\\u00C7\\u1E08\\u0187\\u023B\\uA73E]","D":"[\\u0044\\u24B9\\uFF24\\u1E0A\\u010E\\u1E0C\\u1E10\\u1E12\\u1E0E\\u0110\\u018B\\u018A\\u0189\\uA779]","DZ":"[\\u01F1\\u01C4]","Dz":"[\\u01F2\\u01C5]","E":"[\\u0045\\u24BA\\uFF25\\u00C8\\u00C9\\u00CA\\u1EC0\\u1EBE\\u1EC4\\u1EC2\\u1EBC\\u0112\\u1E14\\u1E16\\u0114\\u0116\\u00CB\\u1EBA\\u011A\\u0204\\u0206\\u1EB8\\u1EC6\\u0228\\u1E1C\\u0118\\u1E18\\u1E1A\\u0190\\u018E]","F":"[\\u0046\\u24BB\\uFF26\\u1E1E\\u0191\\uA77B]","G":"[\\u0047\\u24BC\\uFF27\\u01F4\\u011C\\u1E20\\u011E\\u0120\\u01E6\\u0122\\u01E4\\u0193\\uA7A0\\uA77D\\uA77E]","H":"[\\u0048\\u24BD\\uFF28\\u0124\\u1E22\\u1E26\\u021E\\u1E24\\u1E28\\u1E2A\\u0126\\u2C67\\u2C75\\uA78D]","I":"[\\u0049\\u24BE\\uFF29\\u00CC\\u00CD\\u00CE\\u0128\\u012A\\u012C\\u0130\\u00CF\\u1E2E\\u1EC8\\u01CF\\u0208\\u020A\\u1ECA\\u012E\\u1E2C\\u0197]","J":"[\\u004A\\u24BF\\uFF2A\\u0134\\u0248]","K":"[\\u004B\\u24C0\\uFF2B\\u1E30\\u01E8\\u1E32\\u0136\\u1E34\\u0198\\u2C69\\uA740\\uA742\\uA744\\uA7A2]","L":"[\\u004C\\u24C1\\uFF2C\\u013F\\u0139\\u013D\\u1E36\\u1E38\\u013B\\u1E3C\\u1E3A\\u0141\\u023D\\u2C62\\u2C60\\uA748\\uA746\\uA780]","LJ":"[\\u01C7]","Lj":"[\\u01C8]","M":"[\\u004D\\u24C2\\uFF2D\\u1E3E\\u1E40\\u1E42\\u2C6E\\u019C]","N":"[\\u004E\\u24C3\\uFF2E\\u01F8\\u0143\\u00D1\\u1E44\\u0147\\u1E46\\u0145\\u1E4A\\u1E48\\u0220\\u019D\\uA790\\uA7A4]","NJ":"[\\u01CA]","Nj":"[\\u01CB]","O":"[\\u004F\\u24C4\\uFF2F\\u00D2\\u00D3\\u00D4\\u1ED2\\u1ED0\\u1ED6\\u1ED4\\u00D5\\u1E4C\\u022C\\u1E4E\\u014C\\u1E50\\u1E52\\u014E\\u022E\\u0230\\u00D6\\u022A\\u1ECE\\u0150\\u01D1\\u020C\\u020E\\u01A0\\u1EDC\\u1EDA\\u1EE0\\u1EDE\\u1EE2\\u1ECC\\u1ED8\\u01EA\\u01EC\\u00D8\\u01FE\\u0186\\u019F\\uA74A\\uA74C]","OI":"[\\u01A2]","OO":"[\\uA74E]","OU":"[\\u0222]","P":"[\\u0050\\u24C5\\uFF30\\u1E54\\u1E56\\u01A4\\u2C63\\uA750\\uA752\\uA754]","Q":"[\\u0051\\u24C6\\uFF31\\uA756\\uA758\\u024A]","R":"[\\u0052\\u24C7\\uFF32\\u0154\\u1E58\\u0158\\u0210\\u0212\\u1E5A\\u1E5C\\u0156\\u1E5E\\u024C\\u2C64\\uA75A\\uA7A6\\uA782]","S":"[\\u0053\\u24C8\\uFF33\\u1E9E\\u015A\\u1E64\\u015C\\u1E60\\u0160\\u1E66\\u1E62\\u1E68\\u0218\\u015E\\u2C7E\\uA7A8\\uA784]","T":"[\\u0054\\u24C9\\uFF34\\u1E6A\\u0164\\u1E6C\\u021A\\u0162\\u1E70\\u1E6E\\u0166\\u01AC\\u01AE\\u023E\\uA786]","TZ":"[\\uA728]","U":"[\\u0055\\u24CA\\uFF35\\u00D9\\u00DA\\u00DB\\u0168\\u1E78\\u016A\\u1E7A\\u016C\\u00DC\\u01DB\\u01D7\\u01D5\\u01D9\\u1EE6\\u016E\\u0170\\u01D3\\u0214\\u0216\\u01AF\\u1EEA\\u1EE8\\u1EEE\\u1EEC\\u1EF0\\u1EE4\\u1E72\\u0172\\u1E76\\u1E74\\u0244]","V":"[\\u0056\\u24CB\\uFF36\\u1E7C\\u1E7E\\u01B2\\uA75E\\u0245]","VY":"[\\uA760]","W":"[\\u0057\\u24CC\\uFF37\\u1E80\\u1E82\\u0174\\u1E86\\u1E84\\u1E88\\u2C72]","X":"[\\u0058\\u24CD\\uFF38\\u1E8A\\u1E8C]","Y":"[\\u0059\\u24CE\\uFF39\\u1EF2\\u00DD\\u0176\\u1EF8\\u0232\\u1E8E\\u0178\\u1EF6\\u1EF4\\u01B3\\u024E\\u1EFE]","Z":"[\\u005A\\u24CF\\uFF3A\\u0179\\u1E90\\u017B\\u017D\\u1E92\\u1E94\\u01B5\\u0224\\u2C7F\\u2C6B\\uA762]","a":"[\\u0061\\u24D0\\uFF41\\u1E9A\\u00E0\\u00E1\\u00E2\\u1EA7\\u1EA5\\u1EAB\\u1EA9\\u00E3\\u0101\\u0103\\u1EB1\\u1EAF\\u1EB5\\u1EB3\\u0227\\u01E1\\u00E4\\u01DF\\u1EA3\\u00E5\\u01FB\\u01CE\\u0201\\u0203\\u1EA1\\u1EAD\\u1EB7\\u1E01\\u0105\\u2C65\\u0250]","aa":"[\\uA733]","ae":"[\\u00E6\\u01FD\\u01E3]","ao":"[\\uA735]","au":"[\\uA737]","av":"[\\uA739\\uA73B]","ay":"[\\uA73D]","b":"[\\u0062\\u24D1\\uFF42\\u1E03\\u1E05\\u1E07\\u0180\\u0183\\u0253]","c":"[\\u0063\\u24D2\\uFF43\\u0107\\u0109\\u010B\\u010D\\u00E7\\u1E09\\u0188\\u023C\\uA73F\\u2184]","d":"[\\u0064\\u24D3\\uFF44\\u1E0B\\u010F\\u1E0D\\u1E11\\u1E13\\u1E0F\\u0111\\u018C\\u0256\\u0257\\uA77A]","dz":"[\\u01F3\\u01C6]","e":"[\\u0065\\u24D4\\uFF45\\u00E8\\u00E9\\u00EA\\u1EC1\\u1EBF\\u1EC5\\u1EC3\\u1EBD\\u0113\\u1E15\\u1E17\\u0115\\u0117\\u00EB\\u1EBB\\u011B\\u0205\\u0207\\u1EB9\\u1EC7\\u0229\\u1E1D\\u0119\\u1E19\\u1E1B\\u0247\\u025B\\u01DD]","f":"[\\u0066\\u24D5\\uFF46\\u1E1F\\u0192\\uA77C]","g":"[\\u0067\\u24D6\\uFF47\\u01F5\\u011D\\u1E21\\u011F\\u0121\\u01E7\\u0123\\u01E5\\u0260\\uA7A1\\u1D79\\uA77F]","h":"[\\u0068\\u24D7\\uFF48\\u0125\\u1E23\\u1E27\\u021F\\u1E25\\u1E29\\u1E2B\\u1E96\\u0127\\u2C68\\u2C76\\u0265]","hv":"[\\u0195]","i":"[\\u0069\\u24D8\\uFF49\\u00EC\\u00ED\\u00EE\\u0129\\u012B\\u012D\\u00EF\\u1E2F\\u1EC9\\u01D0\\u0209\\u020B\\u1ECB\\u012F\\u1E2D\\u0268\\u0131]","j":"[\\u006A\\u24D9\\uFF4A\\u0135\\u01F0\\u0249]","k":"[\\u006B\\u24DA\\uFF4B\\u1E31\\u01E9\\u1E33\\u0137\\u1E35\\u0199\\u2C6A\\uA741\\uA743\\uA745\\uA7A3]","l":"[\\u006C\\u24DB\\uFF4C\\u0140\\u013A\\u013E\\u1E37\\u1E39\\u013C\\u1E3D\\u1E3B\\u017F\\u0142\\u019A\\u026B\\u2C61\\uA749\\uA781\\uA747]","lj":"[\\u01C9]","m":"[\\u006D\\u24DC\\uFF4D\\u1E3F\\u1E41\\u1E43\\u0271\\u026F]","n":"[\\u006E\\u24DD\\uFF4E\\u01F9\\u0144\\u00F1\\u1E45\\u0148\\u1E47\\u0146\\u1E4B\\u1E49\\u019E\\u0272\\u0149\\uA791\\uA7A5]","nj":"[\\u01CC]","o":"[\\u006F\\u24DE\\uFF4F\\u00F2\\u00F3\\u00F4\\u1ED3\\u1ED1\\u1ED7\\u1ED5\\u00F5\\u1E4D\\u022D\\u1E4F\\u014D\\u1E51\\u1E53\\u014F\\u022F\\u0231\\u00F6\\u022B\\u1ECF\\u0151\\u01D2\\u020D\\u020F\\u01A1\\u1EDD\\u1EDB\\u1EE1\\u1EDF\\u1EE3\\u1ECD\\u1ED9\\u01EB\\u01ED\\u00F8\\u01FF\\u0254\\uA74B\\uA74D\\u0275]","oi":"[\\u01A3]","ou":"[\\u0223]","oo":"[\\uA74F]","p":"[\\u0070\\u24DF\\uFF50\\u1E55\\u1E57\\u01A5\\u1D7D\\uA751\\uA753\\uA755]","q":"[\\u0071\\u24E0\\uFF51\\u024B\\uA757\\uA759]","r":"[\\u0072\\u24E1\\uFF52\\u0155\\u1E59\\u0159\\u0211\\u0213\\u1E5B\\u1E5D\\u0157\\u1E5F\\u024D\\u027D\\uA75B\\uA7A7\\uA783]","s":"[\\u0073\\u24E2\\uFF53\\u015B\\u1E65\\u015D\\u1E61\\u0161\\u1E67\\u1E63\\u1E69\\u0219\\u015F\\u023F\\uA7A9\\uA785\\u1E9B]","ss":"[\\u00DF]","t":"[\\u0074\\u24E3\\uFF54\\u1E6B\\u1E97\\u0165\\u1E6D\\u021B\\u0163\\u1E71\\u1E6F\\u0167\\u01AD\\u0288\\u2C66\\uA787]","tz":"[\\uA729]","u":"[\\u0075\\u24E4\\uFF55\\u00F9\\u00FA\\u00FB\\u0169\\u1E79\\u016B\\u1E7B\\u016D\\u00FC\\u01DC\\u01D8\\u01D6\\u01DA\\u1EE7\\u016F\\u0171\\u01D4\\u0215\\u0217\\u01B0\\u1EEB\\u1EE9\\u1EEF\\u1EED\\u1EF1\\u1EE5\\u1E73\\u0173\\u1E77\\u1E75\\u0289]","v":"[\\u0076\\u24E5\\uFF56\\u1E7D\\u1E7F\\u028B\\uA75F\\u028C]","vy":"[\\uA761]","w":"[\\u0077\\u24E6\\uFF57\\u1E81\\u1E83\\u0175\\u1E87\\u1E85\\u1E98\\u1E89\\u2C73]","x":"[\\u0078\\u24E7\\uFF58\\u1E8B\\u1E8D]","y":"[\\u0079\\u24E8\\uFF59\\u1EF3\\u00FD\\u0177\\u1EF9\\u0233\\u1E8F\\u00FF\\u1EF7\\u1E99\\u1EF5\\u01B4\\u024F\\u1EFF]","z":"[\\u007A\\u24E9\\uFF5A\\u017A\\u1E91\\u017C\\u017E\\u1E93\\u1E95\\u01B6\\u0225\\u0240\\u2C6C\\uA763]"},"researchesTests":["contentHasTOC","contentHasShortParagraphs","contentHasAssets","keywordInTitle","keywordInMetaDescription","keywordInPermalink","keywordIn10Percent","keywordInContent","keywordInSubheadings","keywordInImageAlt","keywordDensity","keywordNotUsed","lengthContent","lengthPermalink","linksHasInternal","linksHasExternals","linksNotAllExternals","titleStartWithKeyword","titleSentiment","titleHasPowerWords","titleHasNumber","hasContentAI"],"hasRedirection":true,"hasBreadcrumb":true},"homeUrl":"https:\/\/marbellarentacar.com\/fr\/","objectID":240,"objectType":"post","locale":"fr","localeFull":"fr_FR","overlayImages":{"play":{"name":"Ic\u00f4ne de lecture","url":"https:\/\/marbellarentacar.com\/wp-content\/plugins\/seo-by-rank-math\/assets\/admin\/img\/icon-play.png","path":"\/home\/marbell1\/marbellarentacar.com\/wp-content\/plugins\/seo-by-rank-math\/assets\/admin\/img\/icon-play.png","position":"middle_center"},"gif":{"name":"Ic\u00f4ne GIF","url":"https:\/\/marbellarentacar.com\/wp-content\/plugins\/seo-by-rank-math\/assets\/admin\/img\/icon-gif.png","path":"\/home\/marbell1\/marbellarentacar.com\/wp-content\/plugins\/seo-by-rank-math\/assets\/admin\/img\/icon-gif.png","position":"middle_center"}},"defautOgImage":"https:\/\/marbellarentacar.com\/wp-content\/uploads\/2023\/03\/slider-1.jpg","customPermalinks":true,"isUserRegistered":false,"autoSuggestKeywords":false,"connectSiteUrl":"https:\/\/rankmath.com\/auth?site=https%3A%2F%2Fmarbellarentacar.com%2Ffr%2F&r=https%3A%2F%2Fmarbellarentacar.com%2Ffr%2Fwp-json%2Fwp%2Fv2%2Fpages%2F240%3Fnonce%3Da0ae825c5a&pro=1","maxTags":100,"trendsIcon":"<svg width=\"100%\" height=\"100%\" viewBox=\"0 0 36 36\" version=\"1.1\" xmlns=\"http:\/\/www.w3.org\/2000\/svg\" xmlns:xlink=\"http:\/\/www.w3.org\/1999\/xlink\" fit=\"\" preserveAspectRatio=\"xMidYMid meet\" focusable=\"false\">\n\t\t<g id=\"Page-1\" stroke=\"none\" stroke-width=\"1\" fill=\"none\" fill-rule=\"evenodd\">\n\t\t\t<g id=\"Trends-Arrow\">\n\t\t\t\t<g id=\"TrendsArrow\">\n\t\t\t\t\t<path d=\"M1.11227159,26.3181534 L10.2875029,17.1429221 L13.7152617,20.5706809 L4.5400304,29.7459122 C4.20518633,30.0807563 3.66229681,30.0807562 3.32745277,29.7459122 L1.11136262,27.529822 C0.776518575,27.194978 0.776518548,26.6520885 1.11136262,26.3172444 L1.11227159,26.3181534 Z\" id=\"Shape\" fill=\"#4285F4\" fill-rule=\"nonzero\"><\/path>\n\t\t\t\t\t<path d=\"M14.3201543,14.3211528 L22.283717,22.2847155 L19.4658829,25.1025495 C19.1310388,25.4373936 18.5881494,25.4373937 18.2533053,25.1025495 L10.2906516,17.1398959 L13.1084857,14.3220618 C13.4429747,13.987572 13.9851638,13.9871653 14.3201543,14.3211528 Z\" id=\"Shape\" fill=\"#EA4335\" fill-rule=\"nonzero\"><\/path>\n\t\t\t\t\t<polygon id=\"Rectangle-path\" fill=\"#FABB05\" fill-rule=\"nonzero\" points=\"18.8573051 18.8577571 28.2843236 9.43073862 31.7120824 12.8584974 22.2850639 22.2855159\"><\/polygon>\n\t\t\t\t\t<path d=\"M35.0711567,15.5054713 L35.0711567,7 L35.0711567,7 C35.0711567,6.44771525 34.6234415,6 34.0711567,6 L25.5656854,6 L25.5656854,6 C25.0134007,6 24.5656854,6.44771525 24.5656854,7 C24.5656854,7.26521649 24.6710423,7.5195704 24.8585786,7.70710678 L33.3640499,16.2125781 L33.3640499,16.2125781 C33.7545742,16.6031024 34.3877392,16.6031024 34.7782635,16.2125781 C34.9657999,16.0250417 35.0711567,15.7706878 35.0711567,15.5054713 Z\" id=\"Shape\" fill=\"#34A853\" fill-rule=\"nonzero\"><\/path>\n\t\t\t\t\t<rect id=\"Rectangle-path\" x=\"0\" y=\"0\" width=\"36\" height=\"36\"><\/rect>\n\t\t\t\t<\/g>\n\t\t\t<\/g>\n\t\t<\/g>\n\t<\/svg>","showScore":true,"siteFavIcon":"data:image\/png;base64,iVBORw0KGgoAAAANSUhEUgAAABAAAAAQCAYAAAAf8\/9hAAABs0lEQVR4AWL4\/\/8\/RRjO8Iucx+noO0MWUDo16FYABMGP6ZfUcRnWtm27jVPbtm3bttuH2t3eFPcY9pLz7NxiLjCyVd87pKnHyqXyxtCs8APd0rnyxiu4qSeA3QEDrAwBDrT1s1Rc\/OrjLZwqVmOSu6+Lamcpp2KKMA9PH1BYXMe1mUP5qotvXTywsOEEYHXxrY+3cqk6TMkYpNr2FeoY3KIr0RPtn9wQ2unlA+GMkRw6+9TFw4YTwDUzx\/JVvARj9KaedXRO8P5B1Du2S32smzqUrcKGEyA+uAgQjKX7zf0boWHGfn71jIKj2689gxp7OAGShNcBUmLMPVjZuiKcA2vuWHHDCQxMCz629kXAIU4ApY15QwggAFbfOP9DhgBJ+nWVJ1AZAfICAj1pAlY6hCADZnveQf7bQIwzVONGJonhLIlS9gr5mFg44Xd+4S3XHoGNPdJl1INIwKyEgHckEhgTe1bGiFY9GSFBYUwLh1IkiJUbY407E7syBSFxKTszEoiE\/YdrgCEayDmtaJwCI9uu8TKMuZSVfSa4BpGgzvomBR\/INhLGzrqDotp01ZR8pn\/1L0JN9d9XNyx0AAAAAElFTkSuQmCC","canUser":{"general":false,"advanced":false,"snippet":false,"social":false,"analysis":false,"analytics":false,"content_ai":false},"showKeywordIntent":true,"isPro":true,"is_front_page":false,"trendsUpgradeLink":"https:\/\/marbellarentacar.com\/wp-admin\/admin.php?page=rank-math&view=help","trendsUpgradeLabel":"Activer maintenant","trendsPreviewImage":"https:\/\/marbellarentacar.com\/wp-content\/plugins\/seo-by-rank-math\/assets\/admin\/img\/trends-preview.jpg","currentEditor":false,"homepageData":{"assessor":{"powerWords":["absolument","amazement","astonishing","authentique","beau","bien-\u00eatre","brillant","captivant","charismatique","choc","clair","compl\u00e8tement","confidentiel","confiance","cons\u00e9quent","cr\u00e9atif","d\u00e9finitivement","d\u00e9licieux","d\u00e9montrer","d\u00e9p\u00eachez-vous","d\u00e9termin\u00e9","digne","dynamique","\u00e9blouissant","\u00e9clatant","\u00e9conomique","\u00e9fficace","\u00e9l\u00e9gant","\u00e9motionnel","\u00e9nergique","\u00e9norme","\u00e9poustouflant","essentiel","\u00e9tonnant","exclusif","exp\u00e9rience","fabuleux","fantastique","formidable","fort","garanti","g\u00e9ant","g\u00e9n\u00e9reux","grandiose","gratuit","habile","harmonieux","historique","hors pair","important","incroyable","indispensable","inoubliable","inspirant","innovant","intense","invention","irr\u00e9sistible","l\u00e9gendaire","lumineux","luxe","magique","magnifique","majestueux","marquant","merveilleux","miraculeux","motivant","n\u00e9cessaire","nouvelle","officiel","parfait","passionn\u00e9","persuasif","ph\u00e9nom\u00e9nal","plaisir","populaire","pouvoir","prestigieux","prodigieux","profond","prosp\u00e8re","puissant","qualit\u00e9","radieux","rapide","r\u00e9ussi","r\u00e9volutionnaire","satisfait","s\u00e9curit\u00e9","sensationnel","serein","somptueux","splendide","sublime","surprenant","talentueux","terrifiant","unique","valeur","vibrant","victorieux","vif","vraiment","z\u00e9l\u00e9"],"diacritics":true,"researchesTests":["contentHasTOC","contentHasShortParagraphs","contentHasAssets","keywordInTitle","keywordInMetaDescription","keywordInPermalink","keywordIn10Percent","keywordInContent","keywordInSubheadings","keywordInImageAlt","keywordDensity","keywordNotUsed","lengthContent","lengthPermalink","linksHasInternal","linksHasExternals","linksNotAllExternals","titleStartWithKeyword","titleSentiment","titleHasPowerWords","titleHasNumber","hasContentAI"],"hasBreadcrumb":true,"serpData":{"title":false,"description":"","titleTemplate":"%sitename% %page% %sep% %sitedesc%","descriptionTemplate":"","focusKeywords":"","breadcrumbTitle":"Home","robots":{"index":true},"advancedRobots":{"max-snippet":"-1","max-video-preview":"-1","max-image-preview":"large"},"facebookTitle":"","facebookDescription":"","facebookImage":"","facebookImageID":""}}},"tocTitle":"Table of Contents","tocExcludeHeadings":[],"listStyle":"unordered"},"_links":{"self":[{"href":"https:\/\/marbellarentacar.com\/fr\/wp-json\/wp\/v2\/pages\/240","targetHints":{"allow":["GET"]}}],"collection":[{"href":"https:\/\/marbellarentacar.com\/fr\/wp-json\/wp\/v2\/pages"}],"about":[{"href":"https:\/\/marbellarentacar.com\/fr\/wp-json\/wp\/v2\/types\/page"}],"author":[{"embeddable":true,"href":"https:\/\/marbellarentacar.com\/fr\/wp-json\/wp\/v2\/users\/1"}],"replies":[{"embeddable":true,"href":"https:\/\/marbellarentacar.com\/fr\/wp-json\/wp\/v2\/comments?post=240"}],"version-history":[{"count":0,"href":"https:\/\/marbellarentacar.com\/fr\/wp-json\/wp\/v2\/pages\/240\/revisions"}],"wp:featuredmedia":[{"embeddable":true,"href":"https:\/\/marbellarentacar.com\/fr\/wp-json\/wp\/v2\/media\/10749"}],"wp:attachment":[{"href":"https:\/\/marbellarentacar.com\/fr\/wp-json\/wp\/v2\/media?parent=240"}],"curies":[{"name":"wp","href":"https:\/\/api.w.org\/{rel}","templated":true}]}}